{"id":502,"date":"2023-06-13T10:18:43","date_gmt":"2023-06-13T08:18:43","guid":{"rendered":"https:\/\/omicidiosullavoro.it\/?page_id=502"},"modified":"2023-12-21T11:50:23","modified_gmt":"2023-12-21T09:50:23","slug":"legge-omicidio-sul-lavoro-3","status":"publish","type":"page","link":"https:\/\/omicidiosullavoro.it\/","title":{"rendered":"Homepage"},"content":{"rendered":"\t\t<div data-elementor-type=\"wp-page\" data-elementor-id=\"502\" class=\"elementor elementor-502\">\n\t\t\t\t\t\t<section class=\"elementor-section elementor-top-section elementor-element elementor-element-7f97079 elementor-section-height-min-height elementor-hidden-mobile elementor-section-boxed elementor-section-height-default elementor-section-items-middle\" data-id=\"7f97079\" data-element_type=\"section\" data-e-type=\"section\" data-settings=\"{&quot;background_background&quot;:&quot;classic&quot;}\">\n\t\t\t\t\t\t\t<div class=\"elementor-background-overlay\"><\/div>\n\t\t\t\t\t\t\t<div class=\"elementor-container elementor-column-gap-no\">\n\t\t\t\t\t<div class=\"elementor-column elementor-col-100 elementor-top-column elementor-element elementor-element-0a7490b\" data-id=\"0a7490b\" data-element_type=\"column\" data-e-type=\"column\" data-settings=\"{&quot;background_background&quot;:&quot;classic&quot;}\">\n\t\t\t<div class=\"elementor-widget-wrap elementor-element-populated\">\n\t\t\t\t\t<div class=\"elementor-background-overlay\"><\/div>\n\t\t\t\t\t\t<div class=\"elementor-element elementor-element-e62ac51 elementor-widget elementor-widget-heading\" data-id=\"e62ac51\" data-element_type=\"widget\" data-e-type=\"widget\" data-widget_type=\"heading.default\">\n\t\t\t\t<div class=\"elementor-widget-container\">\n\t\t\t\t\t<h2 class=\"elementor-heading-title elementor-size-default\">Proposta di Legge per l'istituzione del reato di\nOMICIDIO E LESIONI GRAVI O GRAVISSIME SUL LAVORO:<\/h2>\t\t\t\t<\/div>\n\t\t\t\t<\/div>\n\t\t\t\t<div class=\"elementor-element elementor-element-bfa0357 elementor-widget elementor-widget-image\" data-id=\"bfa0357\" data-element_type=\"widget\" data-e-type=\"widget\" data-widget_type=\"image.default\">\n\t\t\t\t<div class=\"elementor-widget-container\">\n\t\t\t\t\t\t\t\t\t\t\t\t\t\t\t<img fetchpriority=\"high\" decoding=\"async\" width=\"300\" height=\"300\" src=\"https:\/\/omicidiosullavoro.it\/wp-content\/uploads\/2023\/06\/cropped-LeggeOmicidioSulLavoro-Logo.webp\" class=\"attachment-medium size-medium wp-image-13\" alt=\"\" srcset=\"https:\/\/omicidiosullavoro.it\/wp-content\/uploads\/2023\/06\/cropped-LeggeOmicidioSulLavoro-Logo-300x300.webp 300w, https:\/\/omicidiosullavoro.it\/wp-content\/uploads\/2023\/06\/cropped-LeggeOmicidioSulLavoro-Logo-150x150.webp 150w, https:\/\/omicidiosullavoro.it\/wp-content\/uploads\/2023\/06\/cropped-LeggeOmicidioSulLavoro-Logo-120x120.webp 120w, https:\/\/omicidiosullavoro.it\/wp-content\/uploads\/2023\/06\/cropped-LeggeOmicidioSulLavoro-Logo.webp 512w\" sizes=\"(max-width: 300px) 100vw, 300px\" \/>\t\t\t\t\t\t\t\t\t\t\t\t\t\t\t<\/div>\n\t\t\t\t<\/div>\n\t\t\t\t<div class=\"elementor-element elementor-element-452eedc elementor-align-center elementor-widget elementor-widget-button\" data-id=\"452eedc\" data-element_type=\"widget\" data-e-type=\"widget\" data-widget_type=\"button.default\">\n\t\t\t\t<div class=\"elementor-widget-container\">\n\t\t\t\t\t\t\t\t\t<div class=\"elementor-button-wrapper\">\n\t\t\t\t\t<a class=\"elementor-button elementor-button-link elementor-size-xl\" href=\"https:\/\/raccoltafirme.cloud\/app\/user.html?codice=OMICIDIO_SUL_LAVORO\" target=\"_blank\" rel=\"nofollow noopener\">\n\t\t\t\t\t\t<span class=\"elementor-button-content-wrapper\">\n\t\t\t\t\t\t<span class=\"elementor-button-icon\">\n\t\t\t\t<i aria-hidden=\"true\" class=\"fas fa-hand-point-right\"><\/i>\t\t\t<\/span>\n\t\t\t\t\t\t\t\t\t<span class=\"elementor-button-text\">FERMIAMO LA STRAGE, <b>FIRMA ORA!<\/b><\/span>\n\t\t\t\t\t<\/span>\n\t\t\t\t\t<\/a>\n\t\t\t\t<\/div>\n\t\t\t\t\t\t\t\t<\/div>\n\t\t\t\t<\/div>\n\t\t\t\t<div class=\"elementor-element elementor-element-11199a0 elementor-widget elementor-widget-text-editor\" data-id=\"11199a0\" data-element_type=\"widget\" data-e-type=\"widget\" data-widget_type=\"text-editor.default\">\n\t\t\t\t<div class=\"elementor-widget-container\">\n\t\t\t\t\t\t\t\t\t<p>QUI PUOI FIRMARE ONLINE CON SPID E FIRMA DIGITALE CERTIFICATA<\/p>\n<p>&nbsp; BANCHETTI E INIZIATIVE SONO CONSULTABILI A&nbsp;<a style=\"font-style: inherit; font-weight: inherit;\" href=\"https:\/\/leggeomicidiosullavoro.it\/?page_id=605\">QUESTO LINK<\/a><\/p>\t\t\t\t\t\t\t\t<\/div>\n\t\t\t\t<\/div>\n\t\t\t\t<div class=\"elementor-element elementor-element-4ee6d47 elementor-hidden-desktop elementor-hidden-tablet elementor-hidden-mobile elementor-widget elementor-widget-text-editor\" data-id=\"4ee6d47\" data-element_type=\"widget\" data-e-type=\"widget\" data-widget_type=\"text-editor.default\">\n\t\t\t\t<div class=\"elementor-widget-container\">\n\t\t\t\t\t\t\t\t\t<p>(Verrai indirizzato ad un sito esterno appositamente attivato per questa iniziativa)<\/p>\t\t\t\t\t\t\t\t<\/div>\n\t\t\t\t<\/div>\n\t\t\t\t\t<\/div>\n\t\t<\/div>\n\t\t\t\t\t<\/div>\n\t\t<\/section>\n\t\t\t\t<section class=\"elementor-section elementor-top-section elementor-element elementor-element-af57d29 elementor-hidden-mobile elementor-section-boxed elementor-section-height-default elementor-section-height-default\" data-id=\"af57d29\" data-element_type=\"section\" data-e-type=\"section\" data-settings=\"{&quot;background_background&quot;:&quot;gradient&quot;}\">\n\t\t\t\t\t\t<div class=\"elementor-container elementor-column-gap-no\">\n\t\t\t\t\t<div class=\"elementor-column elementor-col-100 elementor-top-column elementor-element elementor-element-9635d24\" data-id=\"9635d24\" data-element_type=\"column\" data-e-type=\"column\">\n\t\t\t<div class=\"elementor-widget-wrap elementor-element-populated\">\n\t\t\t\t\t\t<div class=\"elementor-element elementor-element-32aaf21 elementor-widget elementor-widget-heading\" data-id=\"32aaf21\" data-element_type=\"widget\" data-e-type=\"widget\" data-widget_type=\"heading.default\">\n\t\t\t\t<div class=\"elementor-widget-container\">\n\t\t\t\t\t<h4 class=\"elementor-heading-title elementor-size-default\">OMICIDIO SUL LAVORO<\/h4>\t\t\t\t<\/div>\n\t\t\t\t<\/div>\n\t\t\t\t<div class=\"elementor-element elementor-element-db23a6f elementor-widget elementor-widget-heading\" data-id=\"db23a6f\" data-element_type=\"widget\" data-e-type=\"widget\" data-widget_type=\"heading.default\">\n\t\t\t\t<div class=\"elementor-widget-container\">\n\t\t\t\t\t<h2 class=\"elementor-heading-title elementor-size-default\">PERCH\u00c9 C'\u00c8 NECESSIT\u00c0 DI UNA LEGGE?<\/h2>\t\t\t\t<\/div>\n\t\t\t\t<\/div>\n\t\t\t\t\t<\/div>\n\t\t<\/div>\n\t\t\t\t\t<\/div>\n\t\t<\/section>\n\t\t\t\t<section class=\"elementor-section elementor-top-section elementor-element elementor-element-f2df44f elementor-hidden-mobile elementor-section-boxed elementor-section-height-default elementor-section-height-default\" data-id=\"f2df44f\" data-element_type=\"section\" data-e-type=\"section\" data-settings=\"{&quot;background_background&quot;:&quot;classic&quot;}\">\n\t\t\t\t\t\t<div class=\"elementor-container elementor-column-gap-no\">\n\t\t\t\t\t<div class=\"elementor-column elementor-col-50 elementor-top-column elementor-element elementor-element-3338149\" data-id=\"3338149\" data-element_type=\"column\" data-e-type=\"column\" data-settings=\"{&quot;background_background&quot;:&quot;classic&quot;}\">\n\t\t\t<div class=\"elementor-widget-wrap elementor-element-populated\">\n\t\t\t\t\t<div class=\"elementor-background-overlay\"><\/div>\n\t\t\t\t\t\t<section class=\"elementor-section elementor-inner-section elementor-element elementor-element-9e14a72 elementor-section-boxed elementor-section-height-default elementor-section-height-default\" data-id=\"9e14a72\" data-element_type=\"section\" data-e-type=\"section\">\n\t\t\t\t\t\t<div class=\"elementor-container elementor-column-gap-default\">\n\t\t\t\t\t<div class=\"elementor-column elementor-col-100 elementor-inner-column elementor-element elementor-element-2f03609\" data-id=\"2f03609\" data-element_type=\"column\" data-e-type=\"column\">\n\t\t\t<div class=\"elementor-widget-wrap\">\n\t\t\t\t\t\t\t<\/div>\n\t\t<\/div>\n\t\t\t\t\t<\/div>\n\t\t<\/section>\n\t\t\t\t\t<\/div>\n\t\t<\/div>\n\t\t\t\t<div class=\"elementor-column elementor-col-50 elementor-top-column elementor-element elementor-element-a7875cc\" data-id=\"a7875cc\" data-element_type=\"column\" data-e-type=\"column\">\n\t\t\t<div class=\"elementor-widget-wrap elementor-element-populated\">\n\t\t\t\t\t\t<section class=\"elementor-section elementor-inner-section elementor-element elementor-element-df363b2 elementor-section-boxed elementor-section-height-default elementor-section-height-default\" data-id=\"df363b2\" data-element_type=\"section\" data-e-type=\"section\">\n\t\t\t\t\t\t<div class=\"elementor-container elementor-column-gap-no\">\n\t\t\t\t\t<div class=\"elementor-column elementor-col-50 elementor-inner-column elementor-element elementor-element-4d6617e\" data-id=\"4d6617e\" data-element_type=\"column\" data-e-type=\"column\" data-settings=\"{&quot;background_background&quot;:&quot;classic&quot;}\">\n\t\t\t<div class=\"elementor-widget-wrap elementor-element-populated\">\n\t\t\t\t\t\t<div class=\"elementor-element elementor-element-4f88c13 elementor-invisible elementor-widget elementor-widget-counter\" data-id=\"4f88c13\" data-element_type=\"widget\" data-e-type=\"widget\" data-settings=\"{&quot;_animation&quot;:&quot;fadeIn&quot;}\" data-widget_type=\"counter.default\">\n\t\t\t\t<div class=\"elementor-widget-container\">\n\t\t\t\t\t\t\t<div class=\"elementor-counter\">\n\t\t\t<div class=\"elementor-counter-title\">MORTI DI LAVORO DAL 1 GENNAIO 2023<\/div>\t\t\t<div class=\"elementor-counter-number-wrapper\">\n\t\t\t\t<span class=\"elementor-counter-number-prefix\"><\/span>\n\t\t\t\t<span class=\"elementor-counter-number\" data-duration=\"2000\" data-to-value=\"1000\" data-from-value=\"380\" data-delimiter=\",\">380<\/span>\n\t\t\t\t<span class=\"elementor-counter-number-suffix\"> +<\/span>\n\t\t\t<\/div>\n\t\t<\/div>\n\t\t\t\t\t\t<\/div>\n\t\t\t\t<\/div>\n\t\t\t\t<div class=\"elementor-element elementor-element-925513d elementor-widget elementor-widget-text-editor\" data-id=\"925513d\" data-element_type=\"widget\" data-e-type=\"widget\" data-widget_type=\"text-editor.default\">\n\t\t\t\t<div class=\"elementor-widget-container\">\n\t\t\t\t\t\t\t\t\t<p>Secondo il monitoraggio effettuato da <strong>USB<\/strong> e <strong>Rete Iside<\/strong><\/p>\t\t\t\t\t\t\t\t<\/div>\n\t\t\t\t<\/div>\n\t\t\t\t\t<\/div>\n\t\t<\/div>\n\t\t\t\t<div class=\"elementor-column elementor-col-50 elementor-inner-column elementor-element elementor-element-5061ff8\" data-id=\"5061ff8\" data-element_type=\"column\" data-e-type=\"column\" data-settings=\"{&quot;background_background&quot;:&quot;classic&quot;}\">\n\t\t\t<div class=\"elementor-widget-wrap elementor-element-populated\">\n\t\t\t\t\t\t<div class=\"elementor-element elementor-element-ac59306 elementor-invisible elementor-widget elementor-widget-counter\" data-id=\"ac59306\" data-element_type=\"widget\" data-e-type=\"widget\" data-settings=\"{&quot;_animation&quot;:&quot;fadeIn&quot;}\" data-widget_type=\"counter.default\">\n\t\t\t\t<div class=\"elementor-widget-container\">\n\t\t\t\t\t\t\t<div class=\"elementor-counter\">\n\t\t\t<div class=\"elementor-counter-title\">MINORI UCCISI SUL LAVORO NEL QUINQUENNIO 2017-2021<\/div>\t\t\t<div class=\"elementor-counter-number-wrapper\">\n\t\t\t\t<span class=\"elementor-counter-number-prefix\"><\/span>\n\t\t\t\t<span class=\"elementor-counter-number\" data-duration=\"2000\" data-to-value=\"74\" data-from-value=\"60\" data-delimiter=\",\">60<\/span>\n\t\t\t\t<span class=\"elementor-counter-number-suffix\"><\/span>\n\t\t\t<\/div>\n\t\t<\/div>\n\t\t\t\t\t\t<\/div>\n\t\t\t\t<\/div>\n\t\t\t\t<div class=\"elementor-element elementor-element-9229065 elementor-widget elementor-widget-text-editor\" data-id=\"9229065\" data-element_type=\"widget\" data-e-type=\"widget\" data-widget_type=\"text-editor.default\">\n\t\t\t\t<div class=\"elementor-widget-container\">\n\t\t\t\t\t\t\t\t\t<p>Dati <strong>Unicef:<\/strong> 7 avevano meno di 14 anni, et\u00e0 di obbligo scolastico<\/p>\t\t\t\t\t\t\t\t<\/div>\n\t\t\t\t<\/div>\n\t\t\t\t\t<\/div>\n\t\t<\/div>\n\t\t\t\t\t<\/div>\n\t\t<\/section>\n\t\t\t\t<section class=\"elementor-section elementor-inner-section elementor-element elementor-element-04e4b0a elementor-section-boxed elementor-section-height-default elementor-section-height-default\" data-id=\"04e4b0a\" data-element_type=\"section\" data-e-type=\"section\">\n\t\t\t\t\t\t<div class=\"elementor-container elementor-column-gap-no\">\n\t\t\t\t\t<div class=\"elementor-column elementor-col-50 elementor-inner-column elementor-element elementor-element-0ffe4d7\" data-id=\"0ffe4d7\" data-element_type=\"column\" data-e-type=\"column\" data-settings=\"{&quot;background_background&quot;:&quot;classic&quot;}\">\n\t\t\t<div class=\"elementor-widget-wrap elementor-element-populated\">\n\t\t\t\t\t\t<div class=\"elementor-element elementor-element-2bf75d6 elementor-invisible elementor-widget elementor-widget-counter\" data-id=\"2bf75d6\" data-element_type=\"widget\" data-e-type=\"widget\" data-settings=\"{&quot;_animation&quot;:&quot;fadeIn&quot;}\" data-widget_type=\"counter.default\">\n\t\t\t\t<div class=\"elementor-widget-container\">\n\t\t\t\t\t\t\t<div class=\"elementor-counter\">\n\t\t\t<div class=\"elementor-counter-title\">DECESSI SUL LAVORO NEGLI ULTIMI 5 ANNI<\/div>\t\t\t<div class=\"elementor-counter-number-wrapper\">\n\t\t\t\t<span class=\"elementor-counter-number-prefix\"><\/span>\n\t\t\t\t<span class=\"elementor-counter-number\" data-duration=\"2000\" data-to-value=\"4000\" data-from-value=\"3950\" data-delimiter=\".\">3950<\/span>\n\t\t\t\t<span class=\"elementor-counter-number-suffix\"> +<\/span>\n\t\t\t<\/div>\n\t\t<\/div>\n\t\t\t\t\t\t<\/div>\n\t\t\t\t<\/div>\n\t\t\t\t<div class=\"elementor-element elementor-element-23c8a3a elementor-widget elementor-widget-text-editor\" data-id=\"23c8a3a\" data-element_type=\"widget\" data-e-type=\"widget\" data-widget_type=\"text-editor.default\">\n\t\t\t\t<div class=\"elementor-widget-container\">\n\t\t\t\t\t\t\t\t\t<p>Una media di oltre mille morti l&#8217;anno: una vera strage<\/p>\t\t\t\t\t\t\t\t<\/div>\n\t\t\t\t<\/div>\n\t\t\t\t\t<\/div>\n\t\t<\/div>\n\t\t\t\t<div class=\"elementor-column elementor-col-50 elementor-inner-column elementor-element elementor-element-9925e92\" data-id=\"9925e92\" data-element_type=\"column\" data-e-type=\"column\" data-settings=\"{&quot;background_background&quot;:&quot;classic&quot;}\">\n\t\t\t<div class=\"elementor-widget-wrap elementor-element-populated\">\n\t\t\t\t\t\t<div class=\"elementor-element elementor-element-3e464f7 elementor-invisible elementor-widget elementor-widget-counter\" data-id=\"3e464f7\" data-element_type=\"widget\" data-e-type=\"widget\" data-settings=\"{&quot;_animation&quot;:&quot;fadeIn&quot;}\" data-widget_type=\"counter.default\">\n\t\t\t\t<div class=\"elementor-widget-container\">\n\t\t\t\t\t\t\t<div class=\"elementor-counter\">\n\t\t\t<div class=\"elementor-counter-title\">LESIONI, FERITE E TRAUMI<\/div>\t\t\t<div class=\"elementor-counter-number-wrapper\">\n\t\t\t\t<span class=\"elementor-counter-number-prefix\"><\/span>\n\t\t\t\t<span class=\"elementor-counter-number\" data-duration=\"2000\" data-to-value=\"4000000\" data-from-value=\"3950\" data-delimiter=\".\">3950<\/span>\n\t\t\t\t<span class=\"elementor-counter-number-suffix\">+<\/span>\n\t\t\t<\/div>\n\t\t<\/div>\n\t\t\t\t\t\t<\/div>\n\t\t\t\t<\/div>\n\t\t\t\t<div class=\"elementor-element elementor-element-7754b0c elementor-widget elementor-widget-text-editor\" data-id=\"7754b0c\" data-element_type=\"widget\" data-e-type=\"widget\" data-widget_type=\"text-editor.default\">\n\t\t\t\t<div class=\"elementor-widget-container\">\n\t\t\t\t\t\t\t\t\t<p>Milioni subiscono tagli, schiacciamenti, urti, cadute\u00a0<\/p>\t\t\t\t\t\t\t\t<\/div>\n\t\t\t\t<\/div>\n\t\t\t\t\t<\/div>\n\t\t<\/div>\n\t\t\t\t\t<\/div>\n\t\t<\/section>\n\t\t\t\t<section class=\"elementor-section elementor-inner-section elementor-element elementor-element-6afc076 elementor-section-boxed elementor-section-height-default elementor-section-height-default\" data-id=\"6afc076\" data-element_type=\"section\" data-e-type=\"section\" data-settings=\"{&quot;background_background&quot;:&quot;classic&quot;}\">\n\t\t\t\t\t\t<div class=\"elementor-container elementor-column-gap-no\">\n\t\t\t\t\t<div class=\"elementor-column elementor-col-50 elementor-inner-column elementor-element elementor-element-290235d\" data-id=\"290235d\" data-element_type=\"column\" data-e-type=\"column\" data-settings=\"{&quot;background_background&quot;:&quot;classic&quot;}\">\n\t\t\t<div class=\"elementor-widget-wrap elementor-element-populated\">\n\t\t\t\t\t\t<div class=\"elementor-element elementor-element-dcce633 elementor-invisible elementor-widget elementor-widget-counter\" data-id=\"dcce633\" data-element_type=\"widget\" data-e-type=\"widget\" data-settings=\"{&quot;_animation&quot;:&quot;fadeIn&quot;}\" data-widget_type=\"counter.default\">\n\t\t\t\t<div class=\"elementor-widget-container\">\n\t\t\t\t\t\t\t<div class=\"elementor-counter\">\n\t\t\t<div class=\"elementor-counter-title\">UCCISI NEL 2022<\/div>\t\t\t<div class=\"elementor-counter-number-wrapper\">\n\t\t\t\t<span class=\"elementor-counter-number-prefix\"><\/span>\n\t\t\t\t<span class=\"elementor-counter-number\" data-duration=\"2000\" data-to-value=\"1090\" data-from-value=\"\" data-delimiter=\".\"><\/span>\n\t\t\t\t<span class=\"elementor-counter-number-suffix\"> <\/span>\n\t\t\t<\/div>\n\t\t<\/div>\n\t\t\t\t\t\t<\/div>\n\t\t\t\t<\/div>\n\t\t\t\t<div class=\"elementor-element elementor-element-947964f elementor-widget elementor-widget-text-editor\" data-id=\"947964f\" data-element_type=\"widget\" data-e-type=\"widget\" data-widget_type=\"text-editor.default\">\n\t\t\t\t<div class=\"elementor-widget-container\">\n\t\t\t\t\t\t\t\t\t<p>Oltre tre morti ogni giorno, secondo le denunce di infortunio mortale all&#8217;<strong>Inail\u00a0<\/strong><\/p>\t\t\t\t\t\t\t\t<\/div>\n\t\t\t\t<\/div>\n\t\t\t\t\t<\/div>\n\t\t<\/div>\n\t\t\t\t<div class=\"elementor-column elementor-col-50 elementor-inner-column elementor-element elementor-element-ef54f23\" data-id=\"ef54f23\" data-element_type=\"column\" data-e-type=\"column\" data-settings=\"{&quot;background_background&quot;:&quot;classic&quot;}\">\n\t\t\t<div class=\"elementor-widget-wrap elementor-element-populated\">\n\t\t\t\t\t\t<div class=\"elementor-element elementor-element-5a00ca5 elementor-invisible elementor-widget elementor-widget-counter\" data-id=\"5a00ca5\" data-element_type=\"widget\" data-e-type=\"widget\" data-settings=\"{&quot;_animation&quot;:&quot;fadeIn&quot;}\" data-widget_type=\"counter.default\">\n\t\t\t\t<div class=\"elementor-widget-container\">\n\t\t\t\t\t\t\t<div class=\"elementor-counter\">\n\t\t\t<div class=\"elementor-counter-title\">MALATTIE PROFESSIONALI O CRONICHE<\/div>\t\t\t<div class=\"elementor-counter-number-wrapper\">\n\t\t\t\t<span class=\"elementor-counter-number-prefix\"><\/span>\n\t\t\t\t<span class=\"elementor-counter-number\" data-duration=\"2000\" data-to-value=\"300000\" data-from-value=\"\" data-delimiter=\".\"><\/span>\n\t\t\t\t<span class=\"elementor-counter-number-suffix\"> +<\/span>\n\t\t\t<\/div>\n\t\t<\/div>\n\t\t\t\t\t\t<\/div>\n\t\t\t\t<\/div>\n\t\t\t\t<div class=\"elementor-element elementor-element-73a751b elementor-widget elementor-widget-text-editor\" data-id=\"73a751b\" data-element_type=\"widget\" data-e-type=\"widget\" data-widget_type=\"text-editor.default\">\n\t\t\t\t<div class=\"elementor-widget-container\">\n\t\t\t\t\t\t\t\t\t<p>Mansioni usuranti provocano gravi danni<\/p>\t\t\t\t\t\t\t\t<\/div>\n\t\t\t\t<\/div>\n\t\t\t\t\t<\/div>\n\t\t<\/div>\n\t\t\t\t\t<\/div>\n\t\t<\/section>\n\t\t\t\t<section class=\"elementor-section elementor-inner-section elementor-element elementor-element-5b01f21 elementor-section-boxed elementor-section-height-default elementor-section-height-default\" data-id=\"5b01f21\" data-element_type=\"section\" data-e-type=\"section\" data-settings=\"{&quot;background_background&quot;:&quot;classic&quot;}\">\n\t\t\t\t\t\t<div class=\"elementor-container elementor-column-gap-no\">\n\t\t\t\t\t<div class=\"elementor-column elementor-col-100 elementor-inner-column elementor-element elementor-element-16876bd\" data-id=\"16876bd\" data-element_type=\"column\" data-e-type=\"column\" data-settings=\"{&quot;background_background&quot;:&quot;classic&quot;}\">\n\t\t\t<div class=\"elementor-widget-wrap elementor-element-populated\">\n\t\t\t\t\t\t<div class=\"elementor-element elementor-element-a630f1d elementor-align-center elementor-widget elementor-widget-button\" data-id=\"a630f1d\" data-element_type=\"widget\" data-e-type=\"widget\" data-widget_type=\"button.default\">\n\t\t\t\t<div class=\"elementor-widget-container\">\n\t\t\t\t\t\t\t\t\t<div class=\"elementor-button-wrapper\">\n\t\t\t\t\t<a class=\"elementor-button elementor-button-link elementor-size-lg\" href=\"https:\/\/leggeomicidiosullavoro.it\/?page_id=605\" target=\"_blank\" rel=\"nofollow\">\n\t\t\t\t\t\t<span class=\"elementor-button-content-wrapper\">\n\t\t\t\t\t\t<span class=\"elementor-button-icon\">\n\t\t\t\t<i aria-hidden=\"true\" class=\"fas fa-hand-point-right\"><\/i>\t\t\t<\/span>\n\t\t\t\t\t\t\t\t\t<span class=\"elementor-button-text\">FIRMA OGGI STESSO<\/span>\n\t\t\t\t\t<\/span>\n\t\t\t\t\t<\/a>\n\t\t\t\t<\/div>\n\t\t\t\t\t\t\t\t<\/div>\n\t\t\t\t<\/div>\n\t\t\t\t\t<\/div>\n\t\t<\/div>\n\t\t\t\t\t<\/div>\n\t\t<\/section>\n\t\t\t\t\t<\/div>\n\t\t<\/div>\n\t\t\t\t\t<\/div>\n\t\t<\/section>\n\t\t\t\t<section class=\"elementor-section elementor-top-section elementor-element elementor-element-161fd6d elementor-section-height-min-height elementor-hidden-desktop elementor-hidden-tablet elementor-section-boxed elementor-section-height-default elementor-section-items-middle\" data-id=\"161fd6d\" data-element_type=\"section\" data-e-type=\"section\" data-settings=\"{&quot;background_background&quot;:&quot;classic&quot;}\">\n\t\t\t\t\t\t\t<div class=\"elementor-background-overlay\"><\/div>\n\t\t\t\t\t\t\t<div class=\"elementor-container elementor-column-gap-no\">\n\t\t\t\t\t<div class=\"elementor-column elementor-col-100 elementor-top-column elementor-element elementor-element-8452d22\" data-id=\"8452d22\" data-element_type=\"column\" data-e-type=\"column\" data-settings=\"{&quot;background_background&quot;:&quot;classic&quot;}\">\n\t\t\t<div class=\"elementor-widget-wrap elementor-element-populated\">\n\t\t\t\t\t<div class=\"elementor-background-overlay\"><\/div>\n\t\t\t\t\t\t<div class=\"elementor-element elementor-element-e081bae elementor-widget elementor-widget-heading\" data-id=\"e081bae\" data-element_type=\"widget\" data-e-type=\"widget\" data-widget_type=\"heading.default\">\n\t\t\t\t<div class=\"elementor-widget-container\">\n\t\t\t\t\t<h1 class=\"elementor-heading-title elementor-size-default\">Proposta di Legge per l'istituzione del reato di\nOMICIDIO E LESIONI GRAVI E GRAVISSIME SUL LAVORO<\/h1>\t\t\t\t<\/div>\n\t\t\t\t<\/div>\n\t\t\t\t<div class=\"elementor-element elementor-element-eafdf71 elementor-align-center elementor-widget elementor-widget-button\" data-id=\"eafdf71\" data-element_type=\"widget\" data-e-type=\"widget\" data-widget_type=\"button.default\">\n\t\t\t\t<div class=\"elementor-widget-container\">\n\t\t\t\t\t\t\t\t\t<div class=\"elementor-button-wrapper\">\n\t\t\t\t\t<a class=\"elementor-button elementor-button-link elementor-size-md\" href=\"https:\/\/raccoltafirme.cloud\/app\/user.html?codice=OMICIDIO_SUL_LAVORO\" target=\"_blank\" rel=\"nofollow noopener\">\n\t\t\t\t\t\t<span class=\"elementor-button-content-wrapper\">\n\t\t\t\t\t\t\t\t\t<span class=\"elementor-button-text\">FERMIAMO LA STRAGE,<BR><B> FIRMA ORA!<\/span>\n\t\t\t\t\t<\/span>\n\t\t\t\t\t<\/a>\n\t\t\t\t<\/div>\n\t\t\t\t\t\t\t\t<\/div>\n\t\t\t\t<\/div>\n\t\t\t\t<div class=\"elementor-element elementor-element-e33713d elementor-hidden-desktop elementor-hidden-tablet elementor-hidden-mobile elementor-widget elementor-widget-text-editor\" data-id=\"e33713d\" data-element_type=\"widget\" data-e-type=\"widget\" data-widget_type=\"text-editor.default\">\n\t\t\t\t<div class=\"elementor-widget-container\">\n\t\t\t\t\t\t\t\t\t<p>(Verrai indirizzato ad un sito esterno appositamente attivato per questa iniziativa)<\/p>\t\t\t\t\t\t\t\t<\/div>\n\t\t\t\t<\/div>\n\t\t\t\t<div class=\"elementor-element elementor-element-6940eb1 elementor-widget elementor-widget-text-editor\" data-id=\"6940eb1\" data-element_type=\"widget\" data-e-type=\"widget\" data-widget_type=\"text-editor.default\">\n\t\t\t\t<div class=\"elementor-widget-container\">\n\t\t\t\t\t\t\t\t\t<p>L&#8217;elenco delle postazioni fisiche per la firma \u00e8 raggiungibile a <a href=\"https:\/\/leggeomicidiosullavoro.it\/?page_id=605\">QUESTO LINK<\/a><\/p>\t\t\t\t\t\t\t\t<\/div>\n\t\t\t\t<\/div>\n\t\t\t\t\t<\/div>\n\t\t<\/div>\n\t\t\t\t\t<\/div>\n\t\t<\/section>\n\t\t\t\t<section class=\"elementor-section elementor-top-section elementor-element elementor-element-caee0e8 elementor-hidden-tablet elementor-section-boxed elementor-section-height-default elementor-section-height-default\" data-id=\"caee0e8\" data-element_type=\"section\" data-e-type=\"section\" data-settings=\"{&quot;background_background&quot;:&quot;gradient&quot;}\">\n\t\t\t\t\t\t<div class=\"elementor-container elementor-column-gap-no\">\n\t\t\t\t\t<div class=\"elementor-column elementor-col-100 elementor-top-column elementor-element elementor-element-a24c4c0\" data-id=\"a24c4c0\" data-element_type=\"column\" data-e-type=\"column\">\n\t\t\t<div class=\"elementor-widget-wrap elementor-element-populated\">\n\t\t\t\t\t\t<section class=\"elementor-section elementor-inner-section elementor-element elementor-element-a26e3ed elementor-hidden-desktop elementor-section-boxed elementor-section-height-default elementor-section-height-default\" data-id=\"a26e3ed\" data-element_type=\"section\" data-e-type=\"section\">\n\t\t\t\t\t\t<div class=\"elementor-container elementor-column-gap-no\">\n\t\t\t\t\t<div class=\"elementor-column elementor-col-50 elementor-inner-column elementor-element elementor-element-8b2b775\" data-id=\"8b2b775\" data-element_type=\"column\" data-e-type=\"column\" data-settings=\"{&quot;background_background&quot;:&quot;classic&quot;}\">\n\t\t\t<div class=\"elementor-widget-wrap elementor-element-populated\">\n\t\t\t\t\t\t\t<\/div>\n\t\t<\/div>\n\t\t\t\t<div class=\"elementor-column elementor-col-50 elementor-inner-column elementor-element elementor-element-1c2c8dd\" data-id=\"1c2c8dd\" data-element_type=\"column\" data-e-type=\"column\" data-settings=\"{&quot;background_background&quot;:&quot;classic&quot;}\">\n\t\t\t<div class=\"elementor-widget-wrap elementor-element-populated\">\n\t\t\t\t\t\t<div class=\"elementor-element elementor-element-8562ed5 elementor-invisible elementor-widget elementor-widget-counter\" data-id=\"8562ed5\" data-element_type=\"widget\" data-e-type=\"widget\" data-settings=\"{&quot;_animation&quot;:&quot;fadeIn&quot;}\" data-widget_type=\"counter.default\">\n\t\t\t\t<div class=\"elementor-widget-container\">\n\t\t\t\t\t\t\t<div class=\"elementor-counter\">\n\t\t\t<div class=\"elementor-counter-title\">MORTI DI LAVORO DAL 1 GENNAIO 2023<\/div>\t\t\t<div class=\"elementor-counter-number-wrapper\">\n\t\t\t\t<span class=\"elementor-counter-number-prefix\"><\/span>\n\t\t\t\t<span class=\"elementor-counter-number\" data-duration=\"2000\" data-to-value=\"1000\" data-from-value=\"395\" data-delimiter=\".\">395<\/span>\n\t\t\t\t<span class=\"elementor-counter-number-suffix\"> +<\/span>\n\t\t\t<\/div>\n\t\t<\/div>\n\t\t\t\t\t\t<\/div>\n\t\t\t\t<\/div>\n\t\t\t\t<div class=\"elementor-element elementor-element-67087c1 elementor-invisible elementor-widget elementor-widget-counter\" data-id=\"67087c1\" data-element_type=\"widget\" data-e-type=\"widget\" data-settings=\"{&quot;_animation&quot;:&quot;fadeIn&quot;}\" data-widget_type=\"counter.default\">\n\t\t\t\t<div class=\"elementor-widget-container\">\n\t\t\t\t\t\t\t<div class=\"elementor-counter\">\n\t\t\t<div class=\"elementor-counter-title\">MINORI UCCISI SUL LAVORO NEL QUINQUENNIO 2017-2021<\/div>\t\t\t<div class=\"elementor-counter-number-wrapper\">\n\t\t\t\t<span class=\"elementor-counter-number-prefix\"><\/span>\n\t\t\t\t<span class=\"elementor-counter-number\" data-duration=\"2000\" data-to-value=\"74\" data-from-value=\"40\" data-delimiter=\".\">40<\/span>\n\t\t\t\t<span class=\"elementor-counter-number-suffix\"><\/span>\n\t\t\t<\/div>\n\t\t<\/div>\n\t\t\t\t\t\t<\/div>\n\t\t\t\t<\/div>\n\t\t\t\t\t<\/div>\n\t\t<\/div>\n\t\t\t\t\t<\/div>\n\t\t<\/section>\n\t\t\t\t<section class=\"elementor-section elementor-inner-section elementor-element elementor-element-8e90b50 elementor-hidden-desktop elementor-section-boxed elementor-section-height-default elementor-section-height-default\" data-id=\"8e90b50\" data-element_type=\"section\" data-e-type=\"section\">\n\t\t\t\t\t\t<div class=\"elementor-container elementor-column-gap-no\">\n\t\t\t\t\t<div class=\"elementor-column elementor-col-50 elementor-inner-column elementor-element elementor-element-5c2ed6f\" data-id=\"5c2ed6f\" data-element_type=\"column\" data-e-type=\"column\" data-settings=\"{&quot;background_background&quot;:&quot;classic&quot;}\">\n\t\t\t<div class=\"elementor-widget-wrap elementor-element-populated\">\n\t\t\t\t\t\t<div class=\"elementor-element elementor-element-8e4b94b elementor-invisible elementor-widget elementor-widget-counter\" data-id=\"8e4b94b\" data-element_type=\"widget\" data-e-type=\"widget\" data-settings=\"{&quot;_animation&quot;:&quot;fadeIn&quot;}\" data-widget_type=\"counter.default\">\n\t\t\t\t<div class=\"elementor-widget-container\">\n\t\t\t\t\t\t\t<div class=\"elementor-counter\">\n\t\t\t<div class=\"elementor-counter-title\">UCCISI NEL 2022<\/div>\t\t\t<div class=\"elementor-counter-number-wrapper\">\n\t\t\t\t<span class=\"elementor-counter-number-prefix\"><\/span>\n\t\t\t\t<span class=\"elementor-counter-number\" data-duration=\"2000\" data-to-value=\"1090\" data-from-value=\"\" data-delimiter=\".\"><\/span>\n\t\t\t\t<span class=\"elementor-counter-number-suffix\"> <\/span>\n\t\t\t<\/div>\n\t\t<\/div>\n\t\t\t\t\t\t<\/div>\n\t\t\t\t<\/div>\n\t\t\t\t\t<\/div>\n\t\t<\/div>\n\t\t\t\t<div class=\"elementor-column elementor-col-50 elementor-inner-column elementor-element elementor-element-c91a20d\" data-id=\"c91a20d\" data-element_type=\"column\" data-e-type=\"column\" data-settings=\"{&quot;background_background&quot;:&quot;classic&quot;}\">\n\t\t\t<div class=\"elementor-widget-wrap elementor-element-populated\">\n\t\t\t\t\t\t<div class=\"elementor-element elementor-element-bab498b elementor-invisible elementor-widget elementor-widget-counter\" data-id=\"bab498b\" data-element_type=\"widget\" data-e-type=\"widget\" data-settings=\"{&quot;_animation&quot;:&quot;fadeIn&quot;}\" data-widget_type=\"counter.default\">\n\t\t\t\t<div class=\"elementor-widget-container\">\n\t\t\t\t\t\t\t<div class=\"elementor-counter\">\n\t\t\t<div class=\"elementor-counter-title\">DECESSI SUL LAVORO NEGLI ULTIMI 5 ANNI<\/div>\t\t\t<div class=\"elementor-counter-number-wrapper\">\n\t\t\t\t<span class=\"elementor-counter-number-prefix\"><\/span>\n\t\t\t\t<span class=\"elementor-counter-number\" data-duration=\"2000\" data-to-value=\"4000\" data-from-value=\"\" data-delimiter=\".\"><\/span>\n\t\t\t\t<span class=\"elementor-counter-number-suffix\"> <\/span>\n\t\t\t<\/div>\n\t\t<\/div>\n\t\t\t\t\t\t<\/div>\n\t\t\t\t<\/div>\n\t\t\t\t\t<\/div>\n\t\t<\/div>\n\t\t\t\t\t<\/div>\n\t\t<\/section>\n\t\t\t\t<section class=\"elementor-section elementor-inner-section elementor-element elementor-element-a39c027 elementor-hidden-desktop elementor-section-boxed elementor-section-height-default elementor-section-height-default\" data-id=\"a39c027\" data-element_type=\"section\" data-e-type=\"section\">\n\t\t\t\t\t\t<div class=\"elementor-container elementor-column-gap-no\">\n\t\t\t\t\t<div class=\"elementor-column elementor-col-100 elementor-inner-column elementor-element elementor-element-bf0cede\" data-id=\"bf0cede\" data-element_type=\"column\" data-e-type=\"column\" data-settings=\"{&quot;background_background&quot;:&quot;classic&quot;}\">\n\t\t\t<div class=\"elementor-widget-wrap elementor-element-populated\">\n\t\t\t\t\t\t<div class=\"elementor-element elementor-element-14befb4 elementor-align-center elementor-widget elementor-widget-button\" data-id=\"14befb4\" data-element_type=\"widget\" data-e-type=\"widget\" data-widget_type=\"button.default\">\n\t\t\t\t<div class=\"elementor-widget-container\">\n\t\t\t\t\t\t\t\t\t<div class=\"elementor-button-wrapper\">\n\t\t\t\t\t<a class=\"elementor-button elementor-button-link elementor-size-lg\" href=\"https:\/\/raccoltafirme.cloud\/app\/user.html?codice=OMICIDIO_SUL_LAVORO\" rel=\"nofollow noopener\" target=\"_blank\">\n\t\t\t\t\t\t<span class=\"elementor-button-content-wrapper\">\n\t\t\t\t\t\t<span class=\"elementor-button-icon\">\n\t\t\t\t<i aria-hidden=\"true\" class=\"fas fa-hand-point-right\"><\/i>\t\t\t<\/span>\n\t\t\t\t\t\t\t\t\t<span class=\"elementor-button-text\">FIRMA OGGI STESSO<\/span>\n\t\t\t\t\t<\/span>\n\t\t\t\t\t<\/a>\n\t\t\t\t<\/div>\n\t\t\t\t\t\t\t\t<\/div>\n\t\t\t\t<\/div>\n\t\t\t\t\t<\/div>\n\t\t<\/div>\n\t\t\t\t\t<\/div>\n\t\t<\/section>\n\t\t\t\t\t<\/div>\n\t\t<\/div>\n\t\t\t\t\t<\/div>\n\t\t<\/section>\n\t\t\t\t<section class=\"elementor-section elementor-top-section elementor-element elementor-element-126d451 elementor-section-boxed elementor-section-height-default elementor-section-height-default\" data-id=\"126d451\" data-element_type=\"section\" data-e-type=\"section\" data-settings=\"{&quot;background_background&quot;:&quot;classic&quot;}\">\n\t\t\t\t\t\t\t<div class=\"elementor-background-overlay\"><\/div>\n\t\t\t\t\t\t\t<div class=\"elementor-container elementor-column-gap-no\">\n\t\t\t\t\t<div class=\"elementor-column elementor-col-100 elementor-top-column elementor-element elementor-element-188c53e\" data-id=\"188c53e\" data-element_type=\"column\" data-e-type=\"column\">\n\t\t\t<div class=\"elementor-widget-wrap elementor-element-populated\">\n\t\t\t\t\t\t<section class=\"elementor-section elementor-inner-section elementor-element elementor-element-5736f2b elementor-section-boxed elementor-section-height-default elementor-section-height-default\" data-id=\"5736f2b\" data-element_type=\"section\" data-e-type=\"section\">\n\t\t\t\t\t\t<div class=\"elementor-container elementor-column-gap-no\">\n\t\t\t\t\t<div class=\"elementor-column elementor-col-100 elementor-inner-column elementor-element elementor-element-6cf4224\" data-id=\"6cf4224\" data-element_type=\"column\" data-e-type=\"column\">\n\t\t\t<div class=\"elementor-widget-wrap elementor-element-populated\">\n\t\t\t\t\t\t<div class=\"elementor-element elementor-element-fd5339a elementor-widget elementor-widget-heading\" data-id=\"fd5339a\" data-element_type=\"widget\" data-e-type=\"widget\" data-widget_type=\"heading.default\">\n\t\t\t\t<div class=\"elementor-widget-container\">\n\t\t\t\t\t<h3 class=\"elementor-heading-title elementor-size-default\">OMICIDIO SUL LAVORO<\/h3>\t\t\t\t<\/div>\n\t\t\t\t<\/div>\n\t\t\t\t<div class=\"elementor-element elementor-element-d14e53f elementor-widget elementor-widget-heading\" data-id=\"d14e53f\" data-element_type=\"widget\" data-e-type=\"widget\" data-widget_type=\"heading.default\">\n\t\t\t\t<div class=\"elementor-widget-container\">\n\t\t\t\t\t<h2 class=\"elementor-heading-title elementor-size-default\">DI COSA SI TRATTA?<\/h2>\t\t\t\t<\/div>\n\t\t\t\t<\/div>\n\t\t\t\t<div class=\"elementor-element elementor-element-38b2220 elementor-widget elementor-widget-text-editor\" data-id=\"38b2220\" data-element_type=\"widget\" data-e-type=\"widget\" data-widget_type=\"text-editor.default\">\n\t\t\t\t<div class=\"elementor-widget-container\">\n\t\t\t\t\t\t\t\t\t<p class=\"p1\">In Italia, <strong>ogni giorno<\/strong>, almeno <strong>tre<\/strong> lavoratori e lavoratrici perdono la vita: una vera e propria <strong>strage<\/strong>.<\/p><p class=\"p1\"><strong>Migliaia di morti<\/strong> che sarebbero <strong>evitabili<\/strong>, se fossero rispettate le misure a tutela della salute e della sicurezza di lavoratori e lavoratrici.<\/p><p class=\"p1\">In Italia \u00e8 diffusa una cultura che vede nella <strong>salute<\/strong> e nella sicurezza dei lavoratori e delle lavoratrici <strong>un costo da ridurre<\/strong> per aumentare i profitti.<\/p><p class=\"p1\">Per questo siamo convinti che serva un <strong>reato<\/strong> di omicidio e lesioni gravi o gravissime sul lavoro: un <strong>deterrente<\/strong> contro chi vuole speculare sulle vite di chi lavora.<\/p><p class=\"p1\">Questo ha portato alla costruzione di un comitato ed alla presentazione della legge di iniziativa popolare venerd\u00ec 19 maggio.<\/p><p class=\"p1\"><strong>Vogliamo introdurre una nuova fattispecie di reato: quella dell\u2019omicidio e delle lesioni gravi o gravissime sul lavoro, per tutelare la salute di tutte e tutti<\/strong>.<\/p>\t\t\t\t\t\t\t\t<\/div>\n\t\t\t\t<\/div>\n\t\t\t\t<div class=\"elementor-element elementor-element-0b0a8bf elementor-align-center elementor-widget elementor-widget-button\" data-id=\"0b0a8bf\" data-element_type=\"widget\" data-e-type=\"widget\" data-widget_type=\"button.default\">\n\t\t\t\t<div class=\"elementor-widget-container\">\n\t\t\t\t\t\t\t\t\t<div class=\"elementor-button-wrapper\">\n\t\t\t\t\t<a class=\"elementor-button elementor-button-link elementor-size-md\" href=\"#leggiiltesto\">\n\t\t\t\t\t\t<span class=\"elementor-button-content-wrapper\">\n\t\t\t\t\t\t<span class=\"elementor-button-icon\">\n\t\t\t\t<i aria-hidden=\"true\" class=\"fab fa-readme\"><\/i>\t\t\t<\/span>\n\t\t\t\t\t\t\t\t\t<span class=\"elementor-button-text\">LEGGI IL TESTO DELLA PROPOSTA DI LEGGE<\/span>\n\t\t\t\t\t<\/span>\n\t\t\t\t\t<\/a>\n\t\t\t\t<\/div>\n\t\t\t\t\t\t\t\t<\/div>\n\t\t\t\t<\/div>\n\t\t\t\t\t<\/div>\n\t\t<\/div>\n\t\t\t\t\t<\/div>\n\t\t<\/section>\n\t\t\t\t\t<\/div>\n\t\t<\/div>\n\t\t\t\t\t<\/div>\n\t\t<\/section>\n\t\t\t\t<section class=\"elementor-section elementor-top-section elementor-element elementor-element-9342c13 elementor-section-full_width elementor-section-height-default elementor-section-height-default\" data-id=\"9342c13\" data-element_type=\"section\" data-e-type=\"section\" data-settings=\"{&quot;background_background&quot;:&quot;gradient&quot;}\">\n\t\t\t\t\t\t<div class=\"elementor-container elementor-column-gap-no\">\n\t\t\t\t\t<div class=\"elementor-column elementor-col-100 elementor-top-column elementor-element elementor-element-e9a3773\" data-id=\"e9a3773\" data-element_type=\"column\" data-e-type=\"column\" data-settings=\"{&quot;background_background&quot;:&quot;classic&quot;}\">\n\t\t\t<div class=\"elementor-widget-wrap elementor-element-populated\">\n\t\t\t\t\t<div class=\"elementor-background-overlay\"><\/div>\n\t\t\t\t\t\t<div class=\"elementor-element elementor-element-3f39936 elementor-widget elementor-widget-menu-anchor\" data-id=\"3f39936\" data-element_type=\"widget\" data-e-type=\"widget\" data-widget_type=\"menu-anchor.default\">\n\t\t\t\t<div class=\"elementor-widget-container\">\n\t\t\t\t\t\t\t<div class=\"elementor-menu-anchor\" id=\"leggiiltesto\"><\/div>\n\t\t\t\t\t\t<\/div>\n\t\t\t\t<\/div>\n\t\t\t\t<section class=\"elementor-section elementor-inner-section elementor-element elementor-element-1fdd2b0 elementor-section-boxed elementor-section-height-default elementor-section-height-default\" data-id=\"1fdd2b0\" data-element_type=\"section\" data-e-type=\"section\">\n\t\t\t\t\t\t<div class=\"elementor-container elementor-column-gap-no\">\n\t\t\t\t\t<div class=\"elementor-column elementor-col-100 elementor-inner-column elementor-element elementor-element-3bd2fb9\" data-id=\"3bd2fb9\" data-element_type=\"column\" data-e-type=\"column\">\n\t\t\t<div class=\"elementor-widget-wrap elementor-element-populated\">\n\t\t\t\t\t\t<div class=\"elementor-element elementor-element-9486c38 elementor-widget elementor-widget-heading\" data-id=\"9486c38\" data-element_type=\"widget\" data-e-type=\"widget\" data-widget_type=\"heading.default\">\n\t\t\t\t<div class=\"elementor-widget-container\">\n\t\t\t\t\t<h4 class=\"elementor-heading-title elementor-size-default\">L'APPELLO<\/h4>\t\t\t\t<\/div>\n\t\t\t\t<\/div>\n\t\t\t\t<div class=\"elementor-element elementor-element-68158a9 elementor-widget elementor-widget-heading\" data-id=\"68158a9\" data-element_type=\"widget\" data-e-type=\"widget\" data-widget_type=\"heading.default\">\n\t\t\t\t<div class=\"elementor-widget-container\">\n\t\t\t\t\t<h3 class=\"elementor-heading-title elementor-size-default\">Reato di omicidio sul lavoro e lesioni gravi o gravissime alle lavoratrici ed ai lavoratorI<\/h3>\t\t\t\t<\/div>\n\t\t\t\t<\/div>\n\t\t\t\t<div class=\"elementor-element elementor-element-78d8a9f elementor-widget elementor-widget-text-editor\" data-id=\"78d8a9f\" data-element_type=\"widget\" data-e-type=\"widget\" data-widget_type=\"text-editor.default\">\n\t\t\t\t<div class=\"elementor-widget-container\">\n\t\t\t\t\t\t\t\t\t<p>Leggi le premesse e le considerazioni legate a questa Proposta di Legge.<\/p>\t\t\t\t\t\t\t\t<\/div>\n\t\t\t\t<\/div>\n\t\t\t\t<div class=\"elementor-element elementor-element-40e0edd elementor-widget elementor-widget-eael-adv-accordion\" data-id=\"40e0edd\" data-element_type=\"widget\" data-e-type=\"widget\" data-widget_type=\"eael-adv-accordion.default\">\n\t\t\t\t<div class=\"elementor-widget-container\">\n\t\t\t\t\t            <div class=\"eael-adv-accordion\" id=\"eael-adv-accordion-40e0edd\" data-scroll-on-click=\"no\" data-scroll-speed=\"300\" data-accordion-id=\"40e0edd\" data-accordion-type=\"toggle\" data-toogle-speed=\"300\">\n            <div class=\"eael-accordion-list\">\n\t\t\t\t\t<div id=\"premesse\" class=\"elementor-tab-title eael-accordion-header\" tabindex=\"0\" data-tab=\"1\" aria-controls=\"elementor-tab-content-6801\"><span class=\"eael-advanced-accordion-icon-closed\"><i aria-hidden=\"true\" class=\"fa-accordion-icon fas fa-plus\"><\/i><\/span><span class=\"eael-advanced-accordion-icon-opened\"><i aria-hidden=\"true\" class=\"fa-accordion-icon fas fa-minus\"><\/i><\/span><span class=\"eael-accordion-tab-title\">Premesse<\/span><i aria-hidden=\"true\" class=\"fa-toggle fas fa-angle-right\"><\/i><\/div><div id=\"elementor-tab-content-6801\" class=\"eael-accordion-content clearfix\" data-tab=\"1\" aria-labelledby=\"premesse\"><p><strong>Negli ultimi 5 anni in Italia oltre 4 mila lavoratrici e lavoratori sono morti sui luoghi di lavoro, quasi 4 milioni hanno riportato gravi ferite, traumi e danni di varia natura, a causa, in particolar modo, di tagli, schiacciamenti, urti, cadute dall&#8217;alto; circa 300 mila hanno sub\u00ecto un danno permanente; oltre 300 mila si sono ammalati perch\u00e9 esposti ad agenti inquinanti ed a ritmi di lavoro usuranti.<\/strong><br \/><br \/>A fronte di questi numeri impressionanti le pene comminate ai responsabili per la mancata osservanza delle disposizioni normative in materia di prevenzione dei rischi per la sicurezza e la salute sui luoghi di lavoro sono molto tenui e di scarsa rilevanza.<br \/><br \/>Prima dell\u2019approvazione del decreto legislativo del 9 aprile 2008, n. 81, in materia di tutela della salute e della sicurezza nei luoghi di lavoro, le risposte sanzionatorie ai casi di incidenti sul lavoro avvenivano in assenza di disciplina penale specifica. Il nostro codice penale, prevedendo soltanto le fattispecie di reato di omicidio colposo e di omicidio doloso, rendeva, di fatto, determinante la verifica dell&#8217;elemento psicologico dell\u2019agente, al fine di ricondurre il caso concreto nell&#8217;alveo della fattispecie di reato ad essa corrispondente.<br \/><br \/>Ci\u00f2 avveniva a seguito di oscillanti interpretazioni giurisprudenziali, legate all\u2019analisi del requisito soggettivo della condotta di volta in volta in esame, allo scopo di verificare la sussistenza dei requisiti soggettivi di colpa cosciente o di dolo eventuale, presupposti per la comminazione delle pene.<br \/><br \/>Si ricorda che la colpa cosciente sussiste quando l&#8217;agente, pur rappresentandosi l&#8217;astratta possibilit\u00e0 di realizzazione di un evento che determini la morte o la lesione del lavoratore, ne respinge il rischio, confidando nella propria capacit\u00e0 di controllare l&#8217;azione. Nel caso di dolo eventuale, invece, sussiste l&#8217;accettazione del rischio che si realizzi l\u2019evento, concretamente possibile, pur non direttamente voluto.<br \/><br \/>A seguito di tali difficolt\u00e0 e del drammatico e costante susseguirsi di gravi incidenti sul lavoro, talvolta anche mortali, il Governo var\u00f2 il decreto-legge 23 maggio 2008, n. 92, convertito, con modificazioni, dalla legge 24 luglio 2008, n. 125, recante \u00abMisure urgenti in materia di sicurezza pubblica\u00bb.<br \/><br \/>Con esso, si mir\u00f2 a modificare e integrare la disciplina di omicidio colposo, inasprendo il trattamento sanzionatorio di tale reato e del reato di lesioni personali colpose, dando autonomo risalto alle ipotesi in cui tali reati fossero commessi con violazione delle norme in materia di sicurezza sul lavoro.<br \/><br \/>Nonostante ci\u00f2, non si sono mai rivelati adeguati l\u2019ordinamento giuridico italiano e i trattamenti sanzionatori, di fronte a ogni caso in cui il datore di lavoro cagionasse la morte di un lavoratore, per distrazione, disinteresse, o noncuranza delle normative sulla sicurezza, al fine di privilegiare il profitto rispetto alla tutela della vita umana, della salute, del diritto al lavoro e della dignit\u00e0 umana.<br \/><br \/>L\u2019attuale assetto normativo prevede, infatti, all\u2019art. 589 comma 2 del codice penale, il reato di omicidio colposo aggravato, con pene dai 2 ai 7 anni di reclusione, qualora l\u2019evento mortale avvenga in conseguenza di violazioni delle norme in materia di prevenzione degli infortuni sul lavoro, attualmente stabilite dal Decreto legislativo 81\/2008. La genericit\u00e0 degli obblighi e le entit\u00e0 delle pene previste rendono, de facto, poco efficace il potere di deterrenza nei confronti dei responsabili.<br \/><br \/>Per questi motivi, il nuovo reato di omicidio e lesioni personali gravi e gravissime sul lavoro, che si intende introdurre con la presente proposta di legge, attribuisce rilevanza penale ad una serie di condotte del datore di lavoro, prevedendo entit\u00e0 di sanzioni differenti in base al grado della colpa o dell\u2019agente e della gravit\u00e0 del fatto.<br \/><br \/>Le norme de quo stabiliscono un aumento di pena nei casi in cui il datore di lavoro non abbia adempiuto agli obblighi necessari a tutelare la sicurezza sui luoghi di lavoro, frutto di un ingiustificabile e inaccettabile disinteresse per la sicurezza e la salute dei lavoratori.<br \/><br \/>Tale disegno di legge, precisamente, introduce nel nostro ordinamento il reato di omicidio sul lavoro e lesioni gravi e gravissime, alla stregua della recente introduzione del reato di omicidio stradale, realizzato attraverso l\u2019introduzione dell\u2019articolo 589-bis del codice penale, nonch\u00e9 una serie di sanzioni che determinino un efficace potere di deterrenza nei confronti di coloro che, con l\u2019obiettivo di ridurre i costi e aumentare il profitto, deliberatamente violino gli obblighi di legge e provochino con il loro comportamento infortuni mortali e lesioni gravi per lavoratrici e lavoratori.<br \/><br \/>Nel corso della XVII e XVIII legislatura sono stati presentati al Senato della Repubblica due disegni di legge molto simili, assegnati alla II Commissione Giustizia, il cui iter di discussione non \u00e8 mai iniziato, e che prevedono, anch\u2019essi, l\u2019introduzione del reato di omicidio sul lavoro e del reato di lesioni personali sul lavoro gravi o gravissime: il primo DDL a firma dei Senatori Barozzino e Casson ed il secondo a prima firma della Senatrice Valeria Valente.<br \/><br \/>I disegni di legge introducono nuovi articoli nel codice penale aventi per oggetto, rispettivamente, il reato di omicidio sul lavoro (589-quater, 589-quinquies) e quello di lesioni personali sul lavoro gravi o gravissime (590-septies e 590-octies).<br \/><br \/>In entrambi, si conferma l\u2019entit\u00e0 della pena gi\u00e0 definita nell\u2019art 589 c.p. in vigore, e si prevede un aumento, da 8 a 12 anni di reclusione, in caso di morte del lavoratore, e da 3 a 7 anni, per lesioni gravi o gravissime, qualora risulti che il datore di lavoro non abbia adempiuto:<br \/><br \/>&#8211; ai due obblighi base previsti dal D. Lgs. 81\/08 per la tutela della salute e la sicurezza: la valutazione dei rischi e la nomina del responsabile del servizio di prevenzione e protezione dai rischi (RSPP);<br \/>&#8211; agli obblighi per la prevenzione e protezione dai rischi da agenti fisici, sostanze pericolose, agenti biologici, incendio, previsti da capitoli specifici del D. Lgs 81\/08, e\/o per mancata consegna ai lavoratori di attrezzature di lavoro e Dpi a norma.<br \/><br \/>on la presente proposta, si intende ulteriormente rafforzare il sistema di \u201cobblighi-sanzioni-pene\u201d, sia per il reato di omicidio che di lesioni gravi, e si propone, oltre ad un aumento rilevante delle pene, di risolvere le criticit\u00e0 rispetto alla violazione dei cosiddetti obblighi di base del D. Lgs. 81\/08, in particolare, rispetto alle caratteristiche della Valutazione dei Rischi e del relativo Documento (DVR).<br \/><br \/>Non si ritiene infatti sufficiente introdurre la previsione di un aumento di pena, in caso di morte o lesioni gravi del lavoratore, unicamente nel caso in cui il datore di lavoro non abbia predisposto il Documento di Valutazione dei Rischi, considerando determinante il mero assolvimento di un obbligo burocratico.<br \/><br \/>La previsione di un aumento di pena non avrebbe alcun potere di deterrenza nei confronti del datore di lavoro se non si definiscono dettagliatamente le caratteristiche che deve avere un DVR, per essere ritenuto corretto e \u201cnon punibile\u201d, sia dal punto di vista metodologico sia rispetto alla veridicit\u00e0 dei dati sui quali si basa la valutazione del livello di esposizione al rischio del lavoratore.<br \/><br \/>\u00c8 indispensabile, quindi, per stabilire se un DVR pu\u00f2 essere ritenuto corretto, ed il datore di lavoro non punibile per tale mancanza, definire (con modifiche ai relativi articoli del D.lgs. 81\/08):<br \/><br \/>A. Le caratteristiche metodologiche che deve possedere un DVR per essere conforme alle norme tecniche di riferimento per le differenti tipologie di rischio.<br \/><br \/>B. L\u2019obbligo per il datore di lavoro di adottare, sulla base della valutazione dei rischi, le misure di prevenzione secondo lo schema per priorit\u00e0: eliminare il rischio alla fonte, adottare misure di protezione collettive, fornire ai lavoratori i Dpi solo se, nonostante l&#8217;adozione delle prime due tipologie di misure, rimane del rischio residuo.<br \/><br \/>C. L\u2019obbligo, per soggetti che indagano sulle cause della morte e delle lesioni subite dal lavoratore, di verificare, con la partecipazione degli RLS ed il supporto di tecnici esperti nelle diverse tipologie di rischio, che tutti i dati sui quali si basa la valutazione dei rischi corrispondano al livello reale di rischio al quale sono esposti i lavoratori.<br \/><br \/><\/p><\/div>\n\t\t\t\t\t<\/div><div class=\"eael-accordion-list\">\n\t\t\t\t\t<div id=\"considerazioni\" class=\"elementor-tab-title eael-accordion-header\" tabindex=\"0\" data-tab=\"2\" aria-controls=\"elementor-tab-content-6802\"><span class=\"eael-advanced-accordion-icon-closed\"><i aria-hidden=\"true\" class=\"fa-accordion-icon fas fa-plus\"><\/i><\/span><span class=\"eael-advanced-accordion-icon-opened\"><i aria-hidden=\"true\" class=\"fa-accordion-icon fas fa-minus\"><\/i><\/span><span class=\"eael-accordion-tab-title\">Considerazioni<\/span><i aria-hidden=\"true\" class=\"fa-toggle fas fa-angle-right\"><\/i><\/div><div id=\"elementor-tab-content-6802\" class=\"eael-accordion-content clearfix\" data-tab=\"2\" aria-labelledby=\"considerazioni\">Sulla base di queste considerazioni, il nuovo reato di omicidio e lesioni sul lavoro attribuisce rilevanza penale ad una serie di condotte, distinguendole in base al grado della colpa.<BR><BR>\nIn particolare:<BR><BR>\nArticolo 1<BR>\n(Omicidio sul lavoro):<BR><BR>\nA) Punisce con la reclusione da cinque a dieci anni l\u2019omicidio commesso in violazione delle norme sugli infortuni sul lavoro e delle malattie professionali; si tratta del caso base attualmente punito dall\u2019art. 589 c.p. con la reclusione da due a sette anni.<BR><BR>\nB) Prevede un aggravamento di pena (dai dieci ai diciotto anni) nei casi in cui il datore di lavoro:<BR><BR>\nB.1 Non abbia adempiuto agli obblighi base della tutela della sicurezza sui luoghi di lavoro previsti dal D.lgs. n. N 81\/2008: la corretta valutazione dei rischi (come definita dall\u2019art 3 del presente DDL), la nomina del RSPP, la comunicazione all\u2019INAIL della natura delle lavorazioni svolte ed i relativi rischi.<BR><BR>\nB.2 Per la violazione degli obblighi, previsti dal D.lgs. 81\/2008, in tema di agenti fisici, sostanze pericolose, esposizione ad agenti biologici, rischio incendio, atmosfere esplosive.<BR><BR>\nB.3 Fornisce ai lavoratori strumenti, attrezzature o Dpi non conformi alla normativa comunitaria e nazionale; modifica, per esigenze produttive, i sistemi di protezione delle macchine; non effettua la formazione e l\u2019addestramento adeguati per i lavoratori rispetto all&#8217;utilizzo in sicurezza di attrezzature e Dpi.<BR><BR>\nC) Prevede un aumento di pena: in particolare la pena che dovrebbe essere inflitta per la violazione pi\u00f9 grave aumenta fino al triplo qualora il reo cagioni la morte di pi\u00f9 persone o la morte di una o pi\u00f9 persone e le lesioni di una o pi\u00f9 persone.<BR><BR>\nD) Prevede un\u2019aggravante specifica qualora sia riconosciuta anche la responsabilit\u00e0 della persona giuridica ex D.lgs. n. 231\/2001, e per il datore di lavoro che operava senza assicurazione per gli infortuni sul lavoro.<BR><BR>\nE) Prevede un\u2019ulteriore aggravante (sfruttamento sul lavoro) nel caso di cui il responsabile sia punibile anche ai sensi dell&#8217;articolo 603-bis c.p.; la pena in questo caso \u00e8 aumentata da un terzo a due terzi.<BR><BR>\nArticolo 2 <BR>\n(lesioni sul lavoro gravi e gravissime)\u2028<BR>Prevede un aumento con diversa gradazione delle pene, da 2 a 10 anni di reclusione, sulla base dei criteri di violazioni definiti all\u2019art. 1.<BR><BR>\nArticolo 3 <BR>\n(modifiche al decreto legislativo n. 81 del 2008 in materia di tutela della salute e della sicurezza nei luoghi di lavoro).<BR><BR>\nArticolo 4 <BR>\n(modifiche al codice penale in materia di prescrizione e di omicidio colposo).<BR><BR>\nArticolo 5 <BR>\n(modifiche al codice di procedura penale).<BR><BR>\nArticolo 6: <BR>\ndispone in materia di responsabilit\u00e0 amministrativa delle persone giuridiche. Articolo 7 (modifiche in materia di competenza penale del giudice di pace).<BR><BR>\nArticolo 8: <BR>\n(norme di coordinamento).<BR><BR>\nArticolo 9: <BR>\n(entrata in vigore).<\/div>\n\t\t\t\t\t<\/div><\/div>\t\t\t\t<\/div>\n\t\t\t\t<\/div>\n\t\t\t\t\t<\/div>\n\t\t<\/div>\n\t\t\t\t\t<\/div>\n\t\t<\/section>\n\t\t\t\t<div class=\"elementor-element elementor-element-64231be elementor-align-center elementor-widget elementor-widget-button\" data-id=\"64231be\" data-element_type=\"widget\" data-e-type=\"widget\" data-widget_type=\"button.default\">\n\t\t\t\t<div class=\"elementor-widget-container\">\n\t\t\t\t\t\t\t\t\t<div class=\"elementor-button-wrapper\">\n\t\t\t\t\t<a class=\"elementor-button elementor-button-link elementor-size-lg\" href=\"https:\/\/leggeomicidiosullavoro.it\/?page_id=645\">\n\t\t\t\t\t\t<span class=\"elementor-button-content-wrapper\">\n\t\t\t\t\t\t<span class=\"elementor-button-icon\">\n\t\t\t\t<i aria-hidden=\"true\" class=\"fas fa-file-signature\"><\/i>\t\t\t<\/span>\n\t\t\t\t\t\t\t\t\t<span class=\"elementor-button-text\">FIRMATARI APPELLO<\/span>\n\t\t\t\t\t<\/span>\n\t\t\t\t\t<\/a>\n\t\t\t\t<\/div>\n\t\t\t\t\t\t\t\t<\/div>\n\t\t\t\t<\/div>\n\t\t\t\t\t<\/div>\n\t\t<\/div>\n\t\t\t\t\t<\/div>\n\t\t<\/section>\n\t\t\t\t<section class=\"elementor-section elementor-top-section elementor-element elementor-element-2decb6d elementor-section-full_width elementor-section-height-default elementor-section-height-default\" data-id=\"2decb6d\" data-element_type=\"section\" data-e-type=\"section\" data-settings=\"{&quot;background_background&quot;:&quot;gradient&quot;}\">\n\t\t\t\t\t\t<div class=\"elementor-container elementor-column-gap-no\">\n\t\t\t\t\t<div class=\"elementor-column elementor-col-100 elementor-top-column elementor-element elementor-element-3e4704f\" data-id=\"3e4704f\" data-element_type=\"column\" data-e-type=\"column\" data-settings=\"{&quot;background_background&quot;:&quot;classic&quot;}\">\n\t\t\t<div class=\"elementor-widget-wrap elementor-element-populated\">\n\t\t\t\t\t<div class=\"elementor-background-overlay\"><\/div>\n\t\t\t\t\t\t<section class=\"elementor-section elementor-inner-section elementor-element elementor-element-96523e3 elementor-section-boxed elementor-section-height-default elementor-section-height-default\" data-id=\"96523e3\" data-element_type=\"section\" data-e-type=\"section\">\n\t\t\t\t\t\t<div class=\"elementor-container elementor-column-gap-no\">\n\t\t\t\t\t<div class=\"elementor-column elementor-col-100 elementor-inner-column elementor-element elementor-element-9e58546\" data-id=\"9e58546\" data-element_type=\"column\" data-e-type=\"column\">\n\t\t\t<div class=\"elementor-widget-wrap elementor-element-populated\">\n\t\t\t\t\t\t<div class=\"elementor-element elementor-element-b9f3d36 elementor-widget elementor-widget-heading\" data-id=\"b9f3d36\" data-element_type=\"widget\" data-e-type=\"widget\" data-widget_type=\"heading.default\">\n\t\t\t\t<div class=\"elementor-widget-container\">\n\t\t\t\t\t<h4 class=\"elementor-heading-title elementor-size-default\">TESTO COMPLETO<\/h4>\t\t\t\t<\/div>\n\t\t\t\t<\/div>\n\t\t\t\t<div class=\"elementor-element elementor-element-3d9c543 elementor-widget elementor-widget-heading\" data-id=\"3d9c543\" data-element_type=\"widget\" data-e-type=\"widget\" data-widget_type=\"heading.default\">\n\t\t\t\t<div class=\"elementor-widget-container\">\n\t\t\t\t\t<h2 class=\"elementor-heading-title elementor-size-default\">PROPOSTA DI LEGGE<\/h2>\t\t\t\t<\/div>\n\t\t\t\t<\/div>\n\t\t\t\t<div class=\"elementor-element elementor-element-72e7877 elementor-widget elementor-widget-text-editor\" data-id=\"72e7877\" data-element_type=\"widget\" data-e-type=\"widget\" data-widget_type=\"text-editor.default\">\n\t\t\t\t<div class=\"elementor-widget-container\">\n\t\t\t\t\t\t\t\t\t<p>Introduzione del reato di omicidio sul lavoro e lesioni gravi e gravissime alle lavoratrici ed ai lavoratori:<\/p>\t\t\t\t\t\t\t\t<\/div>\n\t\t\t\t<\/div>\n\t\t\t\t\t<\/div>\n\t\t<\/div>\n\t\t\t\t\t<\/div>\n\t\t<\/section>\n\t\t\t\t<div class=\"elementor-element elementor-element-6204fa4 elementor-widget elementor-widget-eael-adv-accordion\" data-id=\"6204fa4\" data-element_type=\"widget\" data-e-type=\"widget\" data-widget_type=\"eael-adv-accordion.default\">\n\t\t\t\t<div class=\"elementor-widget-container\">\n\t\t\t\t\t            <div class=\"eael-adv-accordion\" id=\"eael-adv-accordion-6204fa4\" data-scroll-on-click=\"no\" data-scroll-speed=\"300\" data-accordion-id=\"6204fa4\" data-accordion-type=\"accordion\" data-toogle-speed=\"300\">\n            <div class=\"eael-accordion-list\">\n\t\t\t\t\t<div id=\"art-1-omicidio-sul-lavoro\" class=\"elementor-tab-title eael-accordion-header\" tabindex=\"0\" data-tab=\"1\" aria-controls=\"elementor-tab-content-1021\"><span class=\"eael-advanced-accordion-icon-closed\"><i aria-hidden=\"true\" class=\"fa-accordion-icon fas fa-plus\"><\/i><\/span><span class=\"eael-advanced-accordion-icon-opened\"><i aria-hidden=\"true\" class=\"fa-accordion-icon fas fa-minus\"><\/i><\/span><span class=\"eael-accordion-tab-title\">Art. 1 - Omicidio sul Lavoro<\/span><i aria-hidden=\"true\" class=\"fa-toggle fas fa-angle-right\"><\/i><\/div><div id=\"elementor-tab-content-1021\" class=\"eael-accordion-content clearfix\" data-tab=\"1\" aria-labelledby=\"art-1-omicidio-sul-lavoro\"><p>Art. 1<br \/>1. Dopo l&#8217;articolo 589-ter del codice penale, sono aggiunti i seguenti: &#8220;Art.589-quater. (Omicidio sul lavoro&#8221;). Chiunque cagioni per colpa la morte di una persona con violazione delle norme sugli infortuni sul lavoro e delle malattie professionali \u00e8 punito con la reclusione da cinque a dieci anni. Il datore di lavoro che, non avendo adempiuto alla valutazione di tutti i rischi con la conseguente elaborazione del documento di cui all\u2019art. 28 D.lgs. n. 81\/2008 (con i criteri definiti dall\u2019art.3 di questo DDL) o non abbia designato un responsabile del servizio di prevenzione e protezioni dai rischi ai sensi dell\u2019art. 17 del D.lgs. n. 81\/2008, o non abbia adempiuto agli obblighi di cui all\u2019art. 12 del D.P.R. 30-6-1965 n. 1124, cagiona per colpa la morte di un lavoratore \u00e8 punito con la reclusione da dieci a diciotto anni. I soggetti deputati ad accertare le cause della morte dei lavoratori devono verificare, con la partecipazione degli Rls ed il supporto di tecnici esperti nelle diverse tipologie di rischio, che tutti i dati sui quali si basa la valutazione dei rischi corrispondano al livello reale di rischio al quale sono esposti i lavoratori.<br \/>La stessa pena si applica a chiunque in violazione del Titolo VIII capo I, IV, Titolo IX capo I, II, e III, titolo X capo I, II e III del D.lgs.n. 81\/2008, chiunque metta a disposizione dei lavoratori attrezzature non conformi alle specifiche disposizioni legislative e regolamentari di recepimento delle Direttive comunitarie di prodotto ai sensi dell\u2019art. 70 D.lgs. n. 81\/2008, cagioni per colpa la morte di una persona.<br \/>La pena di cui al comma precedente si applica altres\u00ec: 1) se l\u2019evento \u00e8 stato determinato dalla violazione dell\u2019art. 46 del D.Lgs n. 81\/2008; 2) se l\u2019evento \u00e8 stato determinato dalla violazione delle disposizioni di cui al Titolo III capo II e III, Titolo IV, capo I e capo II, Titolo X-bis, Titolo XI Capo I e II, del D.Lgs n. 81\/2008. Nelle ipotesi di cui ai commi precedenti la pena \u00e8 aumentata, se \u00e8 riconosciuta anche una responsabilit\u00e0 della persona giuridica ai sensi del D.lgs. N. 231\/2001, e se il fatto \u00e8 commesso da un datore di lavoro sprovvisto di assicurazione per la responsabilit\u00e0 civile operai e terzi. Nelle ipotesi di cui ai commi precedenti, a chiunque cagioni la morte di pi\u00f9 persone, ovvero la morte di uno o pi\u00f9 persone e lesioni a una o pi\u00f9 persone, si applica la pena che dovrebbe infliggersi per la pi\u00f9 grave delle violazioni commesse aumentata fino al triplo. 2. Art. 589-quinquies. (Omicidio sul lavoro e sfruttamento sul lavoro) Nel caso di cui all&#8217;articolo 589-quater, se il responsabile \u00e8 punibile anche ai sensi dell\u2019art. 603 bis c.p., la pena \u00e8 aumentata da un terzo a due terzi e comunque non pu\u00f2 essere inferiore a dodici anni.<\/p><\/div>\n\t\t\t\t\t<\/div><div class=\"eael-accordion-list\">\n\t\t\t\t\t<div id=\"art-2-lesioni-personali-sul-lavoro-gravi-e-gravissime\" class=\"elementor-tab-title eael-accordion-header\" tabindex=\"0\" data-tab=\"2\" aria-controls=\"elementor-tab-content-1022\"><span class=\"eael-advanced-accordion-icon-closed\"><i aria-hidden=\"true\" class=\"fa-accordion-icon fas fa-plus\"><\/i><\/span><span class=\"eael-advanced-accordion-icon-opened\"><i aria-hidden=\"true\" class=\"fa-accordion-icon fas fa-minus\"><\/i><\/span><span class=\"eael-accordion-tab-title\">Art. 2 - Lesioni personali sul lavoro gravi e gravissime<\/span><i aria-hidden=\"true\" class=\"fa-toggle fas fa-angle-right\"><\/i><\/div><div id=\"elementor-tab-content-1022\" class=\"eael-accordion-content clearfix\" data-tab=\"2\" aria-labelledby=\"art-2-lesioni-personali-sul-lavoro-gravi-e-gravissime\"><p><br \/>Art. 2<br \/>Dopo l&#8217;articolo 590 quater. del codice penale, sono aggiunti i seguenti: Art. 590-quinquies. (Lesioni personali sul lavoro gravi o gravissime). Il datore di lavoro che cagioni per colpa a un lavoratore una lesione personale con violazione delle norme sugli infortuni sul lavoro e delle malattie professionali e&#8217; punito con la reclusione da due a quattro anni per le lesioni gravi e da quattro a sette anni per le lesioni gravissime. Il datore di lavoro che, non avendo adempiuto alla valutazione di tutti i rischi con la conseguente elaborazione del documento di cui all\u2019art. 28 D.lgs. n. 81\/2008 ( con i criteri definiti dall\u2019art.3 di questo DDL) o non abbia designato un responsabile del servizio di prevenzione e protezioni dai rischi ai sensi dell\u2019art. 17 del D.lgs. n. 81\/2008, cagioni per colpa a un lavoratore una lesione personale, \u00e8 punito con la reclusione da quattro a sette anni per le lesioni gravi e da sette a dieci anni per le lesioni gravissime. I soggetti che indagano sulle cause delle lesioni subite dal lavoratore devono verificare, con la partecipazione degli Rls ed il supporto di tecnici esperti nelle diverse tipologie di rischio, che tutti i dati sui quali si basa la valutazione dei rischi corrispondano al livello reale di rischio al quale sono esposti i lavoratori.<br \/>La stessa pena si applica a chiunque in violazione del Titolo VIII capo I, IV, Titolo IX capo I, II, e III, titolo X capo I, II e III del D.lgs.n. 81\/2008, metta a disposizione dei lavoratori attrezzature non conformi alle specifiche disposizioni legislative e regolamentari di recepimento delle Direttive comunitarie di prodotto ai sensi dell\u2019art. 70 D.lgs. n. 81\/2008, cagioni per colpa a un lavoratore lesioni personali gravi o gravissime.<br \/>La pena di cui al comma precedente si applica altres\u00ec: 1) se l\u2019evento \u00e8 stato determinato dalla violazione dell\u2019art. 46 del D. Lgs n. 81\/2008; 2) se l\u2019evento \u00e8 stato determinato dalla violazione delle disposizioni di cui al Titolo III capo II e III, Titolo IV, capo I e capo II, Titolo X-bis, Titolo XI Capo I e II del D. Lgs n. 81\/2008; Nelle ipotesi di cui ai commi precedenti la pena \u00e8 aumentata, se \u00e8 riconosciuta anche una responsabilit\u00e0 della persona giuridica ai sensi del D.lgs. n. 231\/2001, e se il fatto \u00e8 commesso da un datore di lavoro sprovvisto di assicurazione per la responsabilit\u00e0 civile operai e terzi. Nelle ipotesi di cui ai commi precedenti, a chiunque cagioni lesioni a pi\u00f9 persone, si applica la pena che dovrebbe infliggersi per la pi\u00f9 grave delle violazioni commesse aumentata fino al triplo. <\/p><p>2. Art. 590 &#8211; sexies. (Lesioni personali sul lavoro gravi o gravissime e sfruttamento sul lavoro). <br \/>Nel caso di cui all&#8217;articolo 590-quinquies, se il responsabile \u00e8 punibile anche ai sensi dell\u2019art. 603-bis c.p., la pena \u00e8 aumentata da un terzo a due terzi. <br \/>3. Art. 590 septies. (Definizione di lavoratore e datore di lavoro) <br \/>Ai fini ed agli effetti delle disposizioni di cui agli articoli precedenti, si intende per:<br \/>a) \u00ablavoratore\u00bb: persona che, indipendentemente dalla tipologia contrattuale, svolge un&#8217;attivit\u00e0 lavorativa nell&#8217;ambito dell&#8217;organizzazione di un datore di lavoro pubblico o privato, con o senza retribuzione, anche al solo fine di apprendere un mestiere, un&#8217;arte o una professione, esclusi gli addetti ai servizi domestici e familiari. Al lavoratore cos\u00ec definito \u00e8 equiparato: il socio lavoratore di cooperativa o di societ\u00e0, anche di fatto, che presta la sua attivit\u00e0 per conto delle societ\u00e0 e dell&#8217;ente stesso; l\u2019associato in partecipazione di cui all&#8217;articolo 2549, e seguenti del codice civile; l&#8217;allievo degli istituti di istruzione ed universitari e il partecipante ai corsi di formazione professionale, ovunque si faccia uso di laboratori, attrezzature di lavoro in genere, agenti chimici, fisici e biologici, ivi comprese le apparecchiature fornite di videoterminali limitatamente ai periodi in cui l&#8217;allievo sia effettivamente applicato alla strumentazioni o ai laboratori in questione; i volontari del Corpo nazionale dei vigili del fuoco e della protezione civile; il lavoratore di cui al decreto legislativo 1\u00b0 dicembre 1997, n. 468, e successive modificazioni; <br \/>b) \u00abdatore di lavoro\u00bb: il soggetto titolare del rapporto di lavoro con il lavoratore o, comunque, il soggetto che, secondo il tipo e l&#8217;assetto dell&#8217;organizzazione nel cui ambito il lavoratore presta la propria attivit\u00e0, ha la responsabilit\u00e0 dell&#8217;organizzazione stessa o dell&#8217;unit\u00e0 produttiva in quanto esercita i poteri decisionali e di spesa. Nelle pubbliche amministrazioni di cui all&#8217;articolo 1, comma 2, del decreto legislativo 30marzo 2001, n. 165, per datore di lavoro si intende il dirigente al quale spettano i poteri di gestione, ovvero il funzionario non avente qualifica dirigenziale, nei soli casi in cui quest&#8217;ultimo sia preposto ad un ufficio avente autonomia gestionale, individuato dall&#8217;organo di vertice delle singole amministrazioni tenendo conto dell&#8217;ubicazione e dell&#8217;ambito funzionale degli uffici nei quali viene svolta l&#8217;attivit\u00e0, e dotato di autonomi poteri decisionali e di spesa. In caso di omessa individuazione, odi individuazione non conforme ai criteri sopra indicati, il datore di lavoro coincide con l&#8217;organo di vertice medesimo.<\/p><\/div>\n\t\t\t\t\t<\/div><div class=\"eael-accordion-list\">\n\t\t\t\t\t<div id=\"art-3-modifiche-al-tu-in-materia-di-salute-e-sicurezza-sul-lavoro\" class=\"elementor-tab-title eael-accordion-header\" tabindex=\"0\" data-tab=\"3\" aria-controls=\"elementor-tab-content-1023\"><span class=\"eael-advanced-accordion-icon-closed\"><i aria-hidden=\"true\" class=\"fa-accordion-icon fas fa-plus\"><\/i><\/span><span class=\"eael-advanced-accordion-icon-opened\"><i aria-hidden=\"true\" class=\"fa-accordion-icon fas fa-minus\"><\/i><\/span><span class=\"eael-accordion-tab-title\">Art. 3 - Modifiche al TU in materia di salute e sicurezza sul lavoro<\/span><i aria-hidden=\"true\" class=\"fa-toggle fas fa-angle-right\"><\/i><\/div><div id=\"elementor-tab-content-1023\" class=\"eael-accordion-content clearfix\" data-tab=\"3\" aria-labelledby=\"art-3-modifiche-al-tu-in-materia-di-salute-e-sicurezza-sul-lavoro\"><p>Art. 3<br \/>Al Decreto legislativo, 9 aprile 2008, n. 81, sono apportate le seguenti modificazioni: <br \/>a) all\u2019 art. 2 comma dd) le parole \u00abidoneo a prevenire i reati di cui agli articoli 589 e 590, terzo comma, del codice penale, commessi con violazione delle norme antinfortunistiche e sulla tutela della salute sul lavoro;\u00bb sono sostituite dalle seguenti \u00ab idoneo a prevenire i reati di cui agli articoli 589-quater, e 590- quinquies, del codice penale; \u00bb; <br \/>b) all\u2019art. 302 le parole \u00abovvero i reati di cui all\u2019articoli 589, secondo comma, e 590, terzo comma, del codice penale, limitatamente all\u2019ipotesi di violazione delle norme relative alla prevenzione degli infortuni sul lavoro\u00bb sono sostituite dalle seguenti \u00abovvero i reati di cui agli articoli 589-quater e 590-quinquies, del codice penale, \u00bb;<br \/>c) all\u2019art. 28 comma 2 la lettera a (criteri della valutazione dei rischi) \u00e8 sostituita dalla seguente : a. \u00ab una relazione sulla valutazione di tutti i rischi per la sicurezza e la salute durante l\u2019attivit\u00e0 lavorativa, nella quale siano specificati i criteri adottati per la valutazione stessa ; criteri che devono essere conformi alle norme tecniche di riferimento per le differenti tipologie di rischio per la salute e la sicurezza dei lavoratori. Il datore di lavoro deve adottare, sulla base della valutazione dei rischi, le misure di prevenzione-protezione secondo il seguente schema per priorit\u00e0: 1. eliminare il rischio alla fonte, 2. adottare misure di protezione collettive, 3. fornire ai lavoratori i Dpi solo se, nonostante l&#8217;adozione delle prime due tipologie di misure, rimane del rischio residuo. \u00bb <br \/>D) si introduce l\u2019articolo 20 bis: Procedura d&#8217;urgenza verifica rispetto prescrizioni in materia di salute e sicurezza sul lavoro. \u201d In caso di preventiva verifica di mancata attuazione da parte del datore di lavoro degli adempimenti a tutela della salute e della sicurezza dei lavoratori i singoli RLS, gli organismi territoriali delle organizzazioni sindacali nazionali, le rappresentanze sindacali aziendali e le Rsu possono ricorrere al giudice del lavoro, con la procedura d&#8217;urgenza di cui all&#8217;art. 28 Legge 300\/70, perch\u00e9 ne ordini l&#8217;immediato rispetto. <br \/>Laddove il giudice riconosca la fondatezza della denuncia proposta intima al datore di lavoro l&#8217;immediata rimozione del pericolo o l&#8217;attuazione immediata degli adempimenti non rispettati e decide la sanzione in caso di mancata ottemperanza entro sessanta giorni dalla sentenza. I rappresentanti sindacali di cui al comma 1, non incorrono in alcun caso ad azioni ritorsive da parte del datore di lavoro, sono tutelati dal licenziamento, dal demansionamento e da qualsiasi altra forma di discriminazione.<br \/>In caso di infortunio sul lavoro a seguito di mancato adempimento, la pena prevista \u00e8 aumentata da un terzo alla met\u00e0\u201d.<\/p><\/div>\n\t\t\t\t\t<\/div><div class=\"eael-accordion-list\">\n\t\t\t\t\t<div id=\"art-4-modifiche-al-codice-penale-in-materia-di-prescrizione-e-di-omicidio-colposo\" class=\"elementor-tab-title eael-accordion-header\" tabindex=\"0\" data-tab=\"4\" aria-controls=\"elementor-tab-content-1024\"><span class=\"eael-advanced-accordion-icon-closed\"><i aria-hidden=\"true\" class=\"fa-accordion-icon fas fa-plus\"><\/i><\/span><span class=\"eael-advanced-accordion-icon-opened\"><i aria-hidden=\"true\" class=\"fa-accordion-icon fas fa-minus\"><\/i><\/span><span class=\"eael-accordion-tab-title\">Art. 4 - Modifiche al codice penale in materia di prescrizione e di omicidio colposo<\/span><i aria-hidden=\"true\" class=\"fa-toggle fas fa-angle-right\"><\/i><\/div><div id=\"elementor-tab-content-1024\" class=\"eael-accordion-content clearfix\" data-tab=\"4\" aria-labelledby=\"art-4-modifiche-al-codice-penale-in-materia-di-prescrizione-e-di-omicidio-colposo\"><p>Art. 4<br \/>1. Al codice penale, sono apportate le seguenti modificazioni: <br \/>a) all&#8217;articolo 157, sesto comma, le parole: \u00ab589, secondo e terzo comma, e 589-bis\u00bb sono sostituite dalle seguenti: \u00ab589, secondo comma e 589-bis e 589-quater\u00bb; <br \/>b) all&#8217;articolo 589, il secondo comma e&#8217; abrogato; <br \/>c) all&#8217;articolo 590, il secondo comma \u00e8 abrogato.<\/p><\/div>\n\t\t\t\t\t<\/div><div class=\"eael-accordion-list\">\n\t\t\t\t\t<div id=\"art-5-modifiche-al-codice-di-procedura-penale\" class=\"elementor-tab-title eael-accordion-header\" tabindex=\"0\" data-tab=\"5\" aria-controls=\"elementor-tab-content-1025\"><span class=\"eael-advanced-accordion-icon-closed\"><i aria-hidden=\"true\" class=\"fa-accordion-icon fas fa-plus\"><\/i><\/span><span class=\"eael-advanced-accordion-icon-opened\"><i aria-hidden=\"true\" class=\"fa-accordion-icon fas fa-minus\"><\/i><\/span><span class=\"eael-accordion-tab-title\">Art. 5 - Modifiche al codice di procedura penale<\/span><i aria-hidden=\"true\" class=\"fa-toggle fas fa-angle-right\"><\/i><\/div><div id=\"elementor-tab-content-1025\" class=\"eael-accordion-content clearfix\" data-tab=\"5\" aria-labelledby=\"art-5-modifiche-al-codice-di-procedura-penale\"><p>Art. 5<\/p><p>1. Al codice di procedura penale, sono apportate le seguenti modificazioni: a) all&#8217;articolo 380, comma 2, dopo la lettera m-quater) e&#8217; aggiunta la seguente: &#8220;m-quinquies) delitto di omicidio sul lavoro previsto dall&#8217;articolo 589-quater, secondo e terzo comma, del codice penale\u00bb; <br \/>b) all&#8217;articolo 381, comma 2, dopo la lettera m-quinquies) \u00e8 aggiunta la seguente: \u00abm-sexies) delitto di lesioni colpose sul lavoro gravi o gravissime previsto dall&#8217;articolo 590- quinquies, secondo, terzo, quarto e quinto comma, del codice penale\u00bb; <br \/>c) all&#8217;articolo 406, comma 2-ter, le parole: \u00ab589, secondo comma, 589-bis, 590, terzo comma, 590-bis \u00bb sono sostituite dalle seguenti: \u00ab589-bis, 589-quater, 590-bis, 590-quinquies\u00bb; <br \/>d) all&#8217;articolo 416, comma 2-bis, le parole: \u00ab per i reati di cui agli articoli 589, secondo comma, e 589-bis del codice penale \u00bb sono sostituite dalle seguenti: \u00abper i reati di cui agli articoli 589-bis e 589-quater del codice penale\u00bb; <br \/>e) all&#8217;articolo 429, comma 3-bis, le parole: \u00ab per i reati di cui agli articoli 589, secondo comma, e 589-bis del codice penale \u00bb sono sostituite dalle seguenti: \u00ab per i reati di cui agli articoli 589-bis e 589-quater del codice penale \u00bb; <br \/>f) all&#8217;articolo 550, comma 2, dopo la lettera e-bis) e&#8217; inserita la seguente: \u00abe-ter) lesioni personali sul lavoro, anche se aggravate, a norma dell&#8217;articolo 590-quinquies del codice penale\u00bb; <br \/>g) all&#8217;articolo 552: <br \/>1) il comma 1-bis, \u00e8 cos\u00ec sostituito: \u00ab Qualora si proceda per taluni dei reati previsti dall&#8217;art. 590- bis del codice penale e dall\u2019art. 590-quinquies del medesimo codice, il decreto di citazione a giudizio deve essere emesso entro trenta giorni dalla chiusura delle indagini preliminari \u00bb; <br \/>2) il comma 1-ter, \u00e8 cos\u00ec sostituito: \u00ab Qualora si proceda per taluni dei reati previsti dall&#8217;art. 590-bis del codice penale e dall\u2019art. 590-quinquies del medesimo codice, la data di comparizione di cui al comma 1, lettera d), \u00e8 fissata non oltre novanta giorni dalla emissione del decreto \u00bb<\/p><\/div>\n\t\t\t\t\t<\/div><div class=\"eael-accordion-list\">\n\t\t\t\t\t<div id=\"art-6-responsabilit-amministrativa-delle-persone-giuridiche\" class=\"elementor-tab-title eael-accordion-header\" tabindex=\"0\" data-tab=\"6\" aria-controls=\"elementor-tab-content-1026\"><span class=\"eael-advanced-accordion-icon-closed\"><i aria-hidden=\"true\" class=\"fa-accordion-icon fas fa-plus\"><\/i><\/span><span class=\"eael-advanced-accordion-icon-opened\"><i aria-hidden=\"true\" class=\"fa-accordion-icon fas fa-minus\"><\/i><\/span><span class=\"eael-accordion-tab-title\">Art. 6 - Responsabilit\u00e0 amministrativa delle persone giuridiche<\/span><i aria-hidden=\"true\" class=\"fa-toggle fas fa-angle-right\"><\/i><\/div><div id=\"elementor-tab-content-1026\" class=\"eael-accordion-content clearfix\" data-tab=\"6\" aria-labelledby=\"art-6-responsabilit-amministrativa-delle-persone-giuridiche\"><p>Art. 6<\/p><p>1.Al D.lgs. n. 231\/2001, sono apportate le seguenti modificazioni: a) all&#8217;articolo 25-septies primo comma, le parole \u00abIn relazione al delitto di cui all&#8217;articolo 589 del codice penale,\u00bb sono sostituite dalle seguenti \u00abIn relazione al delitto di cui all&#8217;articolo 589-quater del codice penale,\u00bb; b) all&#8217;articolo 25-septies secondo comma le parole \u00abin relazione al delitto di cui all&#8217;articolo 589 del codice penale, commesso con violazione delle norme sulla tutela della salute e sicurezza sul lavoro,\u00bb sono sostituite dalle seguenti \u00abIn relazione al delitto di cui all&#8217;articolo 589-quater del codice penale,\u00bb; c) all&#8217;articolo 25-septies terzo comma, le parole \u00abin relazione al delitto di cui all&#8217;articolo 590, terzo comma, del codice penale, commesso con violazione delle norme sulla tutela della salute e sicurezza sul lavoro,\u00bb sono sostituite dalle seguenti \u00abIn relazione al delitto di cui all&#8217;articolo 590-quinquies del codice penale,\u00bb.<\/p><\/div>\n\t\t\t\t\t<\/div><div class=\"eael-accordion-list\">\n\t\t\t\t\t<div id=\"art-7-competenza-penale-del-giudice-di-pace\" class=\"elementor-tab-title eael-accordion-header\" tabindex=\"0\" data-tab=\"7\" aria-controls=\"elementor-tab-content-1027\"><span class=\"eael-advanced-accordion-icon-closed\"><i aria-hidden=\"true\" class=\"fa-accordion-icon fas fa-plus\"><\/i><\/span><span class=\"eael-advanced-accordion-icon-opened\"><i aria-hidden=\"true\" class=\"fa-accordion-icon fas fa-minus\"><\/i><\/span><span class=\"eael-accordion-tab-title\">Art. 7 - Competenza penale del giudice di pace<\/span><i aria-hidden=\"true\" class=\"fa-toggle fas fa-angle-right\"><\/i><\/div><div id=\"elementor-tab-content-1027\" class=\"eael-accordion-content clearfix\" data-tab=\"7\" aria-labelledby=\"art-7-competenza-penale-del-giudice-di-pace\"><p>Art. 7<\/p><p>1. All&#8217;articolo 4, comma 1, lettera a), del D.lgs. n. 274\/2000, le parole: \u00abe ad esclusione delle fattispecie connesse alla colpa professionale e dei fatti commessi con violazione delle norme per la prevenzione degli infortuni sul lavoro o relative all&#8217;igiene del lavoro o che abbiano determinato una malattia professionale quando, nei casi anzidetti, derivi una malattia di durata superiore a venti giorni\u00bb, sono soppresse.<\/p><\/div>\n\t\t\t\t\t<\/div><div class=\"eael-accordion-list\">\n\t\t\t\t\t<div id=\"art-8-norme-di-coordinamento\" class=\"elementor-tab-title eael-accordion-header\" tabindex=\"0\" data-tab=\"8\" aria-controls=\"elementor-tab-content-1028\"><span class=\"eael-advanced-accordion-icon-closed\"><i aria-hidden=\"true\" class=\"fa-accordion-icon fas fa-plus\"><\/i><\/span><span class=\"eael-advanced-accordion-icon-opened\"><i aria-hidden=\"true\" class=\"fa-accordion-icon fas fa-minus\"><\/i><\/span><span class=\"eael-accordion-tab-title\">Art. 8 - Norme di coordinamento<\/span><i aria-hidden=\"true\" class=\"fa-toggle fas fa-angle-right\"><\/i><\/div><div id=\"elementor-tab-content-1028\" class=\"eael-accordion-content clearfix\" data-tab=\"8\" aria-labelledby=\"art-8-norme-di-coordinamento\"><p>Art. 8<\/p><p>1.In tutte le disposizioni, legislative, regolamentari e amministrative, ove si faccia richiamo ai precedenti reati di cui agli articoli 589 e 590, terzo comma, del codice penale, commessi con violazione delle norme antinfortunistiche e sulla tutela della salute sul lavoro, dovr\u00e0 ora intendersi il richiamo ai reati di cui agli articoli 589-quater e 590-quinquies del codice penale come introdotti dalla presente legge.<\/p><\/div>\n\t\t\t\t\t<\/div><div class=\"eael-accordion-list\">\n\t\t\t\t\t<div id=\"art-9-entrata-in-vigore\" class=\"elementor-tab-title eael-accordion-header\" tabindex=\"0\" data-tab=\"9\" aria-controls=\"elementor-tab-content-1029\"><span class=\"eael-advanced-accordion-icon-closed\"><i aria-hidden=\"true\" class=\"fa-accordion-icon fas fa-plus\"><\/i><\/span><span class=\"eael-advanced-accordion-icon-opened\"><i aria-hidden=\"true\" class=\"fa-accordion-icon fas fa-minus\"><\/i><\/span><span class=\"eael-accordion-tab-title\">Art. 9 - Entrata in vigore<\/span><i aria-hidden=\"true\" class=\"fa-toggle fas fa-angle-right\"><\/i><\/div><div id=\"elementor-tab-content-1029\" class=\"eael-accordion-content clearfix\" data-tab=\"9\" aria-labelledby=\"art-9-entrata-in-vigore\"><p>Art. 9 Entrata in vigore<br \/>1. La presente legge entra in vigore il giorno successivo a quello della sua pubblicazione nella Gazzetta Ufficiale<\/p><\/div>\n\t\t\t\t\t<\/div><\/div>\t\t\t\t<\/div>\n\t\t\t\t<\/div>\n\t\t\t\t<div class=\"elementor-element elementor-element-225a387 elementor-align-center elementor-widget elementor-widget-button\" data-id=\"225a387\" data-element_type=\"widget\" data-e-type=\"widget\" data-widget_type=\"button.default\">\n\t\t\t\t<div class=\"elementor-widget-container\">\n\t\t\t\t\t\t\t\t\t<div class=\"elementor-button-wrapper\">\n\t\t\t\t\t<a class=\"elementor-button elementor-button-link elementor-size-sm\" href=\"https:\/\/leggeomicidiosullavoro.it\/wp-content\/uploads\/2023\/09\/ddl-omic_def.pdf\" target=\"_blank\" rel=\"nofollow\">\n\t\t\t\t\t\t<span class=\"elementor-button-content-wrapper\">\n\t\t\t\t\t\t<span class=\"elementor-button-icon\">\n\t\t\t\t<i aria-hidden=\"true\" class=\"far fa-file-pdf\"><\/i>\t\t\t<\/span>\n\t\t\t\t\t\t\t\t\t<span class=\"elementor-button-text\">SCARICA IL PDF<\/span>\n\t\t\t\t\t<\/span>\n\t\t\t\t\t<\/a>\n\t\t\t\t<\/div>\n\t\t\t\t\t\t\t\t<\/div>\n\t\t\t\t<\/div>\n\t\t\t\t\t<\/div>\n\t\t<\/div>\n\t\t\t\t\t<\/div>\n\t\t<\/section>\n\t\t\t\t<section class=\"elementor-section elementor-top-section elementor-element elementor-element-e6ea8d7 elementor-section-boxed elementor-section-height-default elementor-section-height-default\" data-id=\"e6ea8d7\" data-element_type=\"section\" data-e-type=\"section\" data-settings=\"{&quot;background_background&quot;:&quot;classic&quot;}\">\n\t\t\t\t\t\t\t<div class=\"elementor-background-overlay\"><\/div>\n\t\t\t\t\t\t\t<div class=\"elementor-container elementor-column-gap-no\">\n\t\t\t\t\t<div class=\"elementor-column elementor-col-100 elementor-top-column elementor-element elementor-element-11c7622\" data-id=\"11c7622\" data-element_type=\"column\" data-e-type=\"column\">\n\t\t\t<div class=\"elementor-widget-wrap elementor-element-populated\">\n\t\t\t\t\t\t<section class=\"elementor-section elementor-inner-section elementor-element elementor-element-c72e666 elementor-section-boxed elementor-section-height-default elementor-section-height-default\" data-id=\"c72e666\" data-element_type=\"section\" data-e-type=\"section\">\n\t\t\t\t\t\t<div class=\"elementor-container elementor-column-gap-no\">\n\t\t\t\t\t<div class=\"elementor-column elementor-col-100 elementor-inner-column elementor-element elementor-element-b5bda0c\" data-id=\"b5bda0c\" data-element_type=\"column\" data-e-type=\"column\">\n\t\t\t<div class=\"elementor-widget-wrap elementor-element-populated\">\n\t\t\t\t\t\t<div class=\"elementor-element elementor-element-0218a11 elementor-widget elementor-widget-heading\" data-id=\"0218a11\" data-element_type=\"widget\" data-e-type=\"widget\" data-widget_type=\"heading.default\">\n\t\t\t\t<div class=\"elementor-widget-container\">\n\t\t\t\t\t<h4 class=\"elementor-heading-title elementor-size-default\">RACCOLTA FIRME<\/h4>\t\t\t\t<\/div>\n\t\t\t\t<\/div>\n\t\t\t\t<div class=\"elementor-element elementor-element-a066291 elementor-widget elementor-widget-heading\" data-id=\"a066291\" data-element_type=\"widget\" data-e-type=\"widget\" data-widget_type=\"heading.default\">\n\t\t\t\t<div class=\"elementor-widget-container\">\n\t\t\t\t\t<h2 class=\"elementor-heading-title elementor-size-default\">POSTAZIONI FISSE E CALENDARIO EVENTI<\/h2>\t\t\t\t<\/div>\n\t\t\t\t<\/div>\n\t\t\t\t<div class=\"elementor-element elementor-element-a299140 elementor-widget elementor-widget-text-editor\" data-id=\"a299140\" data-element_type=\"widget\" data-e-type=\"widget\" data-widget_type=\"text-editor.default\">\n\t\t\t\t<div class=\"elementor-widget-container\">\n\t\t\t\t\t\t\t\t\t<p>In questa pagina puoi trovare tutti i riferimenti delle postazioni fisse per la raccolta firme, nonch\u00e9 il calendario delle iniziative che verranno attivate nei prossimi mesi.<\/p>\t\t\t\t\t\t\t\t<\/div>\n\t\t\t\t<\/div>\n\t\t\t\t<div class=\"elementor-element elementor-element-4b1a076 elementor-align-center elementor-widget elementor-widget-button\" data-id=\"4b1a076\" data-element_type=\"widget\" data-e-type=\"widget\" data-widget_type=\"button.default\">\n\t\t\t\t<div class=\"elementor-widget-container\">\n\t\t\t\t\t\t\t\t\t<div class=\"elementor-button-wrapper\">\n\t\t\t\t\t<a class=\"elementor-button elementor-button-link elementor-size-md\" href=\"https:\/\/leggeomicidiosullavoro.it\/?page_id=605\">\n\t\t\t\t\t\t<span class=\"elementor-button-content-wrapper\">\n\t\t\t\t\t\t<span class=\"elementor-button-icon\">\n\t\t\t\t<i aria-hidden=\"true\" class=\"far fa-calendar-check\"><\/i>\t\t\t<\/span>\n\t\t\t\t\t\t\t\t\t<span class=\"elementor-button-text\">SCOPRI DOVE E QUANDO PUOI FIRMARE<\/span>\n\t\t\t\t\t<\/span>\n\t\t\t\t\t<\/a>\n\t\t\t\t<\/div>\n\t\t\t\t\t\t\t\t<\/div>\n\t\t\t\t<\/div>\n\t\t\t\t\t<\/div>\n\t\t<\/div>\n\t\t\t\t\t<\/div>\n\t\t<\/section>\n\t\t\t\t\t<\/div>\n\t\t<\/div>\n\t\t\t\t\t<\/div>\n\t\t<\/section>\n\t\t\t\t<section class=\"elementor-section elementor-top-section elementor-element elementor-element-e668b2f elementor-section-boxed elementor-section-height-default elementor-section-height-default\" data-id=\"e668b2f\" data-element_type=\"section\" data-e-type=\"section\" data-settings=\"{&quot;background_background&quot;:&quot;classic&quot;}\">\n\t\t\t\t\t\t\t<div class=\"elementor-background-overlay\"><\/div>\n\t\t\t\t\t\t\t<div class=\"elementor-container elementor-column-gap-no\">\n\t\t\t\t\t<div class=\"elementor-column elementor-col-100 elementor-top-column elementor-element elementor-element-89a19ab\" data-id=\"89a19ab\" data-element_type=\"column\" data-e-type=\"column\">\n\t\t\t<div class=\"elementor-widget-wrap elementor-element-populated\">\n\t\t\t\t\t\t<section class=\"elementor-section elementor-inner-section elementor-element elementor-element-b3b339b elementor-section-boxed elementor-section-height-default elementor-section-height-default\" data-id=\"b3b339b\" data-element_type=\"section\" data-e-type=\"section\">\n\t\t\t\t\t\t<div class=\"elementor-container elementor-column-gap-no\">\n\t\t\t\t\t<div class=\"elementor-column elementor-col-100 elementor-inner-column elementor-element elementor-element-6bdebea\" data-id=\"6bdebea\" data-element_type=\"column\" data-e-type=\"column\">\n\t\t\t<div class=\"elementor-widget-wrap elementor-element-populated\">\n\t\t\t\t\t\t<div class=\"elementor-element elementor-element-1c47178 elementor-widget elementor-widget-heading\" data-id=\"1c47178\" data-element_type=\"widget\" data-e-type=\"widget\" data-widget_type=\"heading.default\">\n\t\t\t\t<div class=\"elementor-widget-container\">\n\t\t\t\t\t<h4 class=\"elementor-heading-title elementor-size-default\">FAI UNA DONAZIONE<\/h4>\t\t\t\t<\/div>\n\t\t\t\t<\/div>\n\t\t\t\t<div class=\"elementor-element elementor-element-628af42 elementor-widget elementor-widget-heading\" data-id=\"628af42\" data-element_type=\"widget\" data-e-type=\"widget\" data-widget_type=\"heading.default\">\n\t\t\t\t<div class=\"elementor-widget-container\">\n\t\t\t\t\t<h2 class=\"elementor-heading-title elementor-size-default\">SOSTIENI L'INDIPENDENZA DELL'INIZIATIVA, FAI UNA DONAZIONE<\/h2>\t\t\t\t<\/div>\n\t\t\t\t<\/div>\n\t\t\t\t<div class=\"elementor-element elementor-element-ef08af2 elementor-widget elementor-widget-text-editor\" data-id=\"ef08af2\" data-element_type=\"widget\" data-e-type=\"widget\" data-widget_type=\"text-editor.default\">\n\t\t\t\t<div class=\"elementor-widget-container\">\n\t\t\t\t\t\t\t\t\t<p>Non abbiamo finanziatori eccellenti, ci serve il contributo di tutte e tutti per sostenere le spese della Campagna e della Raccolta Firme.<br \/>Se sei d&#8217;accordo con l&#8217;introduzione di questa nuova Legge, per favore prendi in considerazione l&#8217;idea di sostenerci con un piccolo contributo; insieme possiamo davvero fare la differenza per la vita di tutte le lavoratrici e i lavoratori.<\/p>\t\t\t\t\t\t\t\t<\/div>\n\t\t\t\t<\/div>\n\t\t\t\t<div class=\"elementor-element elementor-element-70d6a1f elementor-align-center elementor-widget elementor-widget-button\" data-id=\"70d6a1f\" data-element_type=\"widget\" data-e-type=\"widget\" data-widget_type=\"button.default\">\n\t\t\t\t<div class=\"elementor-widget-container\">\n\t\t\t\t\t\t\t\t\t<div class=\"elementor-button-wrapper\">\n\t\t\t\t\t<a class=\"elementor-button elementor-button-link elementor-size-xl\" href=\"https:\/\/buonacausa.org\/cause\/leggeomicidiosullavoro\" target=\"_blank\" rel=\"nofollow noopener\">\n\t\t\t\t\t\t<span class=\"elementor-button-content-wrapper\">\n\t\t\t\t\t\t<span class=\"elementor-button-icon\">\n\t\t\t\t<i aria-hidden=\"true\" class=\"fas fa-euro-sign\"><\/i>\t\t\t<\/span>\n\t\t\t\t\t\t\t\t\t<span class=\"elementor-button-text\"><B>DONA ORA, <\/B><BR>GRAZIE!<\/span>\n\t\t\t\t\t<\/span>\n\t\t\t\t\t<\/a>\n\t\t\t\t<\/div>\n\t\t\t\t\t\t\t\t<\/div>\n\t\t\t\t<\/div>\n\t\t\t\t<div class=\"elementor-element elementor-element-4c91b80 elementor-widget elementor-widget-text-editor\" data-id=\"4c91b80\" data-element_type=\"widget\" data-e-type=\"widget\" data-widget_type=\"text-editor.default\">\n\t\t\t\t<div class=\"elementor-widget-container\">\n\t\t\t\t\t\t\t\t\t<p>(Verrai indirizzato ad un sito esterno appositamente attivato per questa iniziativa)<\/p>\t\t\t\t\t\t\t\t<\/div>\n\t\t\t\t<\/div>\n\t\t\t\t\t<\/div>\n\t\t<\/div>\n\t\t\t\t\t<\/div>\n\t\t<\/section>\n\t\t\t\t\t<\/div>\n\t\t<\/div>\n\t\t\t\t\t<\/div>\n\t\t<\/section>\n\t\t\t\t<section class=\"elementor-section elementor-top-section elementor-element elementor-element-64d14b0 elementor-section-boxed elementor-section-height-default elementor-section-height-default\" data-id=\"64d14b0\" data-element_type=\"section\" data-e-type=\"section\" data-settings=\"{&quot;background_background&quot;:&quot;classic&quot;}\">\n\t\t\t\t\t\t<div class=\"elementor-container elementor-column-gap-no\">\n\t\t\t\t\t<div class=\"elementor-column elementor-col-100 elementor-top-column elementor-element elementor-element-e73ae63\" data-id=\"e73ae63\" data-element_type=\"column\" data-e-type=\"column\">\n\t\t\t<div class=\"elementor-widget-wrap elementor-element-populated\">\n\t\t\t\t\t\t<section class=\"elementor-section elementor-inner-section elementor-element elementor-element-1c9d453 elementor-section-boxed elementor-section-height-default elementor-section-height-default\" data-id=\"1c9d453\" data-element_type=\"section\" data-e-type=\"section\">\n\t\t\t\t\t\t<div class=\"elementor-container elementor-column-gap-no\">\n\t\t\t\t\t<div class=\"elementor-column elementor-col-100 elementor-inner-column elementor-element elementor-element-e8b2042\" data-id=\"e8b2042\" data-element_type=\"column\" data-e-type=\"column\">\n\t\t\t<div class=\"elementor-widget-wrap elementor-element-populated\">\n\t\t\t\t\t\t<div class=\"elementor-element elementor-element-6e9c063 elementor-widget elementor-widget-heading\" data-id=\"6e9c063\" data-element_type=\"widget\" data-e-type=\"widget\" data-widget_type=\"heading.default\">\n\t\t\t\t<div class=\"elementor-widget-container\">\n\t\t\t\t\t<h4 class=\"elementor-heading-title elementor-size-default\">MATERIALI<\/h4>\t\t\t\t<\/div>\n\t\t\t\t<\/div>\n\t\t\t\t<div class=\"elementor-element elementor-element-a045a0f elementor-widget elementor-widget-heading\" data-id=\"a045a0f\" data-element_type=\"widget\" data-e-type=\"widget\" data-widget_type=\"heading.default\">\n\t\t\t\t<div class=\"elementor-widget-container\">\n\t\t\t\t\t<h2 class=\"elementor-heading-title elementor-size-default\">SCARICA IL MATERIALE DI SUPPORTO ALL'INIZIATIVA<\/h2>\t\t\t\t<\/div>\n\t\t\t\t<\/div>\n\t\t\t\t<div class=\"elementor-element elementor-element-7c1bd4e elementor-widget elementor-widget-text-editor\" data-id=\"7c1bd4e\" data-element_type=\"widget\" data-e-type=\"widget\" data-widget_type=\"text-editor.default\">\n\t\t\t\t<div class=\"elementor-widget-container\">\n\t\t\t\t\t\t\t\t\t<p>Sei tra i nostri sostenitori?\u00a0<br \/>Entra nella pagina dedicata al materiale promozionale e condividilo!<\/p>\t\t\t\t\t\t\t\t<\/div>\n\t\t\t\t<\/div>\n\t\t\t\t<div class=\"elementor-element elementor-element-f7b54b3 elementor-align-center elementor-widget elementor-widget-button\" data-id=\"f7b54b3\" data-element_type=\"widget\" data-e-type=\"widget\" data-widget_type=\"button.default\">\n\t\t\t\t<div class=\"elementor-widget-container\">\n\t\t\t\t\t\t\t\t\t<div class=\"elementor-button-wrapper\">\n\t\t\t\t\t<a class=\"elementor-button elementor-button-link elementor-size-md\" href=\"https:\/\/leggeomicidiosullavoro.it\/?page_id=634\">\n\t\t\t\t\t\t<span class=\"elementor-button-content-wrapper\">\n\t\t\t\t\t\t<span class=\"elementor-button-icon\">\n\t\t\t\t<i aria-hidden=\"true\" class=\"far fa-copy\"><\/i>\t\t\t<\/span>\n\t\t\t\t\t\t\t\t\t<span class=\"elementor-button-text\">VISITA LA PAGINA DEI MATERIALI<\/span>\n\t\t\t\t\t<\/span>\n\t\t\t\t\t<\/a>\n\t\t\t\t<\/div>\n\t\t\t\t\t\t\t\t<\/div>\n\t\t\t\t<\/div>\n\t\t\t\t\t<\/div>\n\t\t<\/div>\n\t\t\t\t\t<\/div>\n\t\t<\/section>\n\t\t\t\t\t<\/div>\n\t\t<\/div>\n\t\t\t\t\t<\/div>\n\t\t<\/section>\n\t\t\t\t<section class=\"elementor-section elementor-top-section elementor-element elementor-element-9a20feb elementor-section-boxed elementor-section-height-default elementor-section-height-default\" data-id=\"9a20feb\" data-element_type=\"section\" data-e-type=\"section\" data-settings=\"{&quot;background_background&quot;:&quot;classic&quot;}\">\n\t\t\t\t\t\t<div class=\"elementor-container elementor-column-gap-no\">\n\t\t\t\t\t<div class=\"elementor-column elementor-col-100 elementor-top-column elementor-element elementor-element-40a4d58\" data-id=\"40a4d58\" data-element_type=\"column\" data-e-type=\"column\">\n\t\t\t<div class=\"elementor-widget-wrap elementor-element-populated\">\n\t\t\t\t\t\t<section class=\"elementor-section elementor-inner-section elementor-element elementor-element-b7f560d elementor-section-boxed elementor-section-height-default elementor-section-height-default\" data-id=\"b7f560d\" data-element_type=\"section\" data-e-type=\"section\">\n\t\t\t\t\t\t<div class=\"elementor-container elementor-column-gap-no\">\n\t\t\t\t\t<div class=\"elementor-column elementor-col-100 elementor-inner-column elementor-element elementor-element-e4e3022\" data-id=\"e4e3022\" data-element_type=\"column\" data-e-type=\"column\">\n\t\t\t<div class=\"elementor-widget-wrap elementor-element-populated\">\n\t\t\t\t\t\t<div class=\"elementor-element elementor-element-731b7e2 elementor-widget elementor-widget-heading\" data-id=\"731b7e2\" data-element_type=\"widget\" data-e-type=\"widget\" data-widget_type=\"heading.default\">\n\t\t\t\t<div class=\"elementor-widget-container\">\n\t\t\t\t\t<h3 class=\"elementor-heading-title elementor-size-default\">CHI SIAMO<\/h3>\t\t\t\t<\/div>\n\t\t\t\t<\/div>\n\t\t\t\t<div class=\"elementor-element elementor-element-4a8a18f elementor-widget elementor-widget-heading\" data-id=\"4a8a18f\" data-element_type=\"widget\" data-e-type=\"widget\" data-widget_type=\"heading.default\">\n\t\t\t\t<div class=\"elementor-widget-container\">\n\t\t\t\t\t<h2 class=\"elementor-heading-title elementor-size-default\">COMITATO PROMOTORE DELL'INIZIATIVA<\/h2>\t\t\t\t<\/div>\n\t\t\t\t<\/div>\n\t\t\t\t<div class=\"elementor-element elementor-element-33a91a1 elementor-widget elementor-widget-text-editor\" data-id=\"33a91a1\" data-element_type=\"widget\" data-e-type=\"widget\" data-widget_type=\"text-editor.default\">\n\t\t\t\t<div class=\"elementor-widget-container\">\n\t\t\t\t\t\t\t\t\t<p>L&#8217;iniziativa \u00e8 sostenuta dai seguenti Organismi<\/p>\t\t\t\t\t\t\t\t<\/div>\n\t\t\t\t<\/div>\n\t\t\t\t\t<\/div>\n\t\t<\/div>\n\t\t\t\t\t<\/div>\n\t\t<\/section>\n\t\t\t\t<section class=\"elementor-section elementor-inner-section elementor-element elementor-element-107eea9 elementor-section-boxed elementor-section-height-default elementor-section-height-default\" data-id=\"107eea9\" data-element_type=\"section\" data-e-type=\"section\">\n\t\t\t\t\t\t<div class=\"elementor-container elementor-column-gap-default\">\n\t\t\t\t\t<div class=\"elementor-column elementor-col-25 elementor-inner-column elementor-element elementor-element-4b6dcc4\" data-id=\"4b6dcc4\" data-element_type=\"column\" data-e-type=\"column\">\n\t\t\t<div class=\"elementor-widget-wrap elementor-element-populated\">\n\t\t\t\t\t\t<div class=\"elementor-element elementor-element-c221e5a elementor-position-top elementor-widget elementor-widget-image-box\" data-id=\"c221e5a\" data-element_type=\"widget\" data-e-type=\"widget\" data-widget_type=\"image-box.default\">\n\t\t\t\t<div class=\"elementor-widget-container\">\n\t\t\t\t\t<div class=\"elementor-image-box-wrapper\"><figure class=\"elementor-image-box-img\"><a href=\"https:\/\/www.reteiside.org\/\" target=\"_blank\" rel=\"nofollow noopener\" tabindex=\"-1\"><img decoding=\"async\" width=\"150\" height=\"150\" src=\"https:\/\/omicidiosullavoro.it\/wp-content\/uploads\/2023\/06\/Rete-ISIDE-Logo-squared-150x150.webp\" class=\"attachment-thumbnail size-thumbnail wp-image-590\" alt=\"Logo Rete Iside\" srcset=\"https:\/\/omicidiosullavoro.it\/wp-content\/uploads\/2023\/06\/Rete-ISIDE-Logo-squared-150x150.webp 150w, https:\/\/omicidiosullavoro.it\/wp-content\/uploads\/2023\/06\/Rete-ISIDE-Logo-squared-300x300.webp 300w, https:\/\/omicidiosullavoro.it\/wp-content\/uploads\/2023\/06\/Rete-ISIDE-Logo-squared.webp 500w\" sizes=\"(max-width: 150px) 100vw, 150px\" \/><\/a><\/figure><div class=\"elementor-image-box-content\"><h3 class=\"elementor-image-box-title\"><a href=\"https:\/\/www.reteiside.org\/\" target=\"_blank\" rel=\"nofollow noopener\">Rete Iside ONLUS<\/a><\/h3><\/div><\/div>\t\t\t\t<\/div>\n\t\t\t\t<\/div>\n\t\t\t\t\t<\/div>\n\t\t<\/div>\n\t\t\t\t<div class=\"elementor-column elementor-col-25 elementor-inner-column elementor-element elementor-element-8c2e851\" data-id=\"8c2e851\" data-element_type=\"column\" data-e-type=\"column\">\n\t\t\t<div class=\"elementor-widget-wrap elementor-element-populated\">\n\t\t\t\t\t\t<div class=\"elementor-element elementor-element-992713e elementor-position-top elementor-widget elementor-widget-image-box\" data-id=\"992713e\" data-element_type=\"widget\" data-e-type=\"widget\" data-widget_type=\"image-box.default\">\n\t\t\t\t<div class=\"elementor-widget-container\">\n\t\t\t\t\t<div class=\"elementor-image-box-wrapper\"><figure class=\"elementor-image-box-img\"><a href=\"https:\/\/www.usb.it\/\" target=\"_blank\" rel=\"nofollow noopener\" tabindex=\"-1\"><img decoding=\"async\" width=\"150\" height=\"150\" src=\"https:\/\/omicidiosullavoro.it\/wp-content\/uploads\/2023\/06\/USB-Logo-squared-150x150.webp\" class=\"attachment-thumbnail size-thumbnail wp-image-591\" alt=\"Logo USB\" srcset=\"https:\/\/omicidiosullavoro.it\/wp-content\/uploads\/2023\/06\/USB-Logo-squared-150x150.webp 150w, https:\/\/omicidiosullavoro.it\/wp-content\/uploads\/2023\/06\/USB-Logo-squared.webp 300w\" sizes=\"(max-width: 150px) 100vw, 150px\" \/><\/a><\/figure><div class=\"elementor-image-box-content\"><h3 class=\"elementor-image-box-title\"><a href=\"https:\/\/www.usb.it\/\" target=\"_blank\" rel=\"nofollow noopener\">USB<\/a><\/h3><\/div><\/div>\t\t\t\t<\/div>\n\t\t\t\t<\/div>\n\t\t\t\t\t<\/div>\n\t\t<\/div>\n\t\t\t\t<div class=\"elementor-column elementor-col-25 elementor-inner-column elementor-element elementor-element-d7b2959\" data-id=\"d7b2959\" data-element_type=\"column\" data-e-type=\"column\">\n\t\t\t<div class=\"elementor-widget-wrap elementor-element-populated\">\n\t\t\t\t\t\t<div class=\"elementor-element elementor-element-bca3e5c elementor-position-top elementor-widget elementor-widget-image-box\" data-id=\"bca3e5c\" data-element_type=\"widget\" data-e-type=\"widget\" data-widget_type=\"image-box.default\">\n\t\t\t\t<div class=\"elementor-widget-container\">\n\t\t\t\t\t<div class=\"elementor-image-box-wrapper\"><figure class=\"elementor-image-box-img\"><a href=\"https:\/\/www.associazionemanifesta.it\/\" target=\"_blank\" rel=\"nofollow noopener\" tabindex=\"-1\"><img loading=\"lazy\" decoding=\"async\" width=\"150\" height=\"150\" src=\"https:\/\/omicidiosullavoro.it\/wp-content\/uploads\/2023\/06\/ManifestA-Logo-squared-150x150.webp\" class=\"attachment-thumbnail size-thumbnail wp-image-588\" alt=\"Logo ManisfestA\" srcset=\"https:\/\/omicidiosullavoro.it\/wp-content\/uploads\/2023\/06\/ManifestA-Logo-squared-150x150.webp 150w, https:\/\/omicidiosullavoro.it\/wp-content\/uploads\/2023\/06\/ManifestA-Logo-squared-300x300.webp 300w, https:\/\/omicidiosullavoro.it\/wp-content\/uploads\/2023\/06\/ManifestA-Logo-squared-1024x1024.webp 1024w, https:\/\/omicidiosullavoro.it\/wp-content\/uploads\/2023\/06\/ManifestA-Logo-squared-768x768.webp 768w, https:\/\/omicidiosullavoro.it\/wp-content\/uploads\/2023\/06\/ManifestA-Logo-squared.webp 1080w\" sizes=\"(max-width: 150px) 100vw, 150px\" \/><\/a><\/figure><div class=\"elementor-image-box-content\"><h3 class=\"elementor-image-box-title\"><a href=\"https:\/\/www.associazionemanifesta.it\/\" target=\"_blank\" rel=\"nofollow noopener\">ManifestA<\/a><\/h3><\/div><\/div>\t\t\t\t<\/div>\n\t\t\t\t<\/div>\n\t\t\t\t\t<\/div>\n\t\t<\/div>\n\t\t\t\t<div class=\"elementor-column elementor-col-25 elementor-inner-column elementor-element elementor-element-15ca393\" data-id=\"15ca393\" data-element_type=\"column\" data-e-type=\"column\">\n\t\t\t<div class=\"elementor-widget-wrap elementor-element-populated\">\n\t\t\t\t\t\t<div class=\"elementor-element elementor-element-c4ea690 elementor-position-top elementor-widget elementor-widget-image-box\" data-id=\"c4ea690\" data-element_type=\"widget\" data-e-type=\"widget\" data-widget_type=\"image-box.default\">\n\t\t\t\t<div class=\"elementor-widget-container\">\n\t\t\t\t\t<div class=\"elementor-image-box-wrapper\"><figure class=\"elementor-image-box-img\"><a href=\"https:\/\/poterealpopolo.org\/\" target=\"_blank\" rel=\"nofollow noopener\" tabindex=\"-1\"><img loading=\"lazy\" decoding=\"async\" width=\"150\" height=\"150\" src=\"https:\/\/omicidiosullavoro.it\/wp-content\/uploads\/2023\/06\/Potere-al-popolo-Logo-squared-150x150.webp\" class=\"attachment-thumbnail size-thumbnail wp-image-589\" alt=\"Logo Potere al Popolo\" srcset=\"https:\/\/omicidiosullavoro.it\/wp-content\/uploads\/2023\/06\/Potere-al-popolo-Logo-squared-150x150.webp 150w, https:\/\/omicidiosullavoro.it\/wp-content\/uploads\/2023\/06\/Potere-al-popolo-Logo-squared-300x300.webp 300w, https:\/\/omicidiosullavoro.it\/wp-content\/uploads\/2023\/06\/Potere-al-popolo-Logo-squared-768x768.webp 768w, https:\/\/omicidiosullavoro.it\/wp-content\/uploads\/2023\/06\/Potere-al-popolo-Logo-squared.webp 1000w\" sizes=\"(max-width: 150px) 100vw, 150px\" \/><\/a><\/figure><div class=\"elementor-image-box-content\"><h3 class=\"elementor-image-box-title\"><a href=\"https:\/\/poterealpopolo.org\/\" target=\"_blank\" rel=\"nofollow noopener\">Potere al popolo!<\/a><\/h3><\/div><\/div>\t\t\t\t<\/div>\n\t\t\t\t<\/div>\n\t\t\t\t\t<\/div>\n\t\t<\/div>\n\t\t\t\t\t<\/div>\n\t\t<\/section>\n\t\t\t\t\t<\/div>\n\t\t<\/div>\n\t\t\t\t\t<\/div>\n\t\t<\/section>\n\t\t\t\t<section class=\"elementor-section elementor-top-section elementor-element elementor-element-5042117 elementor-section-boxed elementor-section-height-default elementor-section-height-default\" data-id=\"5042117\" data-element_type=\"section\" data-e-type=\"section\" data-settings=\"{&quot;background_background&quot;:&quot;classic&quot;}\">\n\t\t\t\t\t\t<div class=\"elementor-container elementor-column-gap-no\">\n\t\t\t\t\t<div class=\"elementor-column elementor-col-50 elementor-top-column elementor-element elementor-element-ed6cb42\" data-id=\"ed6cb42\" data-element_type=\"column\" data-e-type=\"column\">\n\t\t\t<div class=\"elementor-widget-wrap elementor-element-populated\">\n\t\t\t\t\t\t<div class=\"elementor-element elementor-element-ef196fe elementor-widget elementor-widget-image\" data-id=\"ef196fe\" data-element_type=\"widget\" data-e-type=\"widget\" data-widget_type=\"image.default\">\n\t\t\t\t<div class=\"elementor-widget-container\">\n\t\t\t\t\t\t\t\t\t\t\t\t\t\t\t<img loading=\"lazy\" decoding=\"async\" width=\"722\" height=\"1024\" src=\"https:\/\/omicidiosullavoro.it\/wp-content\/uploads\/2023\/06\/Legge-Omicidio-sul-Lavoro-722x1024.webp\" class=\"attachment-large size-large wp-image-9\" alt=\"Disegno di Legge Omicidio Sul Lavoro\" srcset=\"https:\/\/omicidiosullavoro.it\/wp-content\/uploads\/2023\/06\/Legge-Omicidio-sul-Lavoro-722x1024.webp 722w, https:\/\/omicidiosullavoro.it\/wp-content\/uploads\/2023\/06\/Legge-Omicidio-sul-Lavoro-212x300.webp 212w, https:\/\/omicidiosullavoro.it\/wp-content\/uploads\/2023\/06\/Legge-Omicidio-sul-Lavoro-768x1089.webp 768w, https:\/\/omicidiosullavoro.it\/wp-content\/uploads\/2023\/06\/Legge-Omicidio-sul-Lavoro-1083x1536.webp 1083w, https:\/\/omicidiosullavoro.it\/wp-content\/uploads\/2023\/06\/Legge-Omicidio-sul-Lavoro.webp 1410w\" sizes=\"(max-width: 722px) 100vw, 722px\" \/>\t\t\t\t\t\t\t\t\t\t\t\t\t\t\t<\/div>\n\t\t\t\t<\/div>\n\t\t\t\t\t<\/div>\n\t\t<\/div>\n\t\t\t\t<div class=\"elementor-column elementor-col-50 elementor-top-column elementor-element elementor-element-adbe542\" data-id=\"adbe542\" data-element_type=\"column\" data-e-type=\"column\" data-settings=\"{&quot;background_background&quot;:&quot;classic&quot;}\">\n\t\t\t<div class=\"elementor-widget-wrap elementor-element-populated\">\n\t\t\t\t\t\t<div class=\"elementor-element elementor-element-58ce643 elementor-widget elementor-widget-heading\" data-id=\"58ce643\" data-element_type=\"widget\" data-e-type=\"widget\" data-widget_type=\"heading.default\">\n\t\t\t\t<div class=\"elementor-widget-container\">\n\t\t\t\t\t<h2 class=\"elementor-heading-title elementor-size-default\">CONTATTI<\/h2>\t\t\t\t<\/div>\n\t\t\t\t<\/div>\n\t\t\t\t<div class=\"elementor-element elementor-element-b50bd80 elementor-widget elementor-widget-text-editor\" data-id=\"b50bd80\" data-element_type=\"widget\" data-e-type=\"widget\" data-widget_type=\"text-editor.default\">\n\t\t\t\t<div class=\"elementor-widget-container\">\n\t\t\t\t\t\t\t\t\t<p>VIA DELL&#8217;AEROPORTO, 129<br \/>00175 &#8211; ROMA<\/p><p><a href=\"tel:00390676282211\">TEL. 06.76282211<\/a><\/p><p><a href=\"mailto:INFO@LEGGEOMICIDIOSULLAVORO.IT\">INFO@LEGGEOMICIDIOSULLAVORO.IT<\/a><\/p>\t\t\t\t\t\t\t\t<\/div>\n\t\t\t\t<\/div>\n\t\t\t\t\t<\/div>\n\t\t<\/div>\n\t\t\t\t\t<\/div>\n\t\t<\/section>\n\t\t\t\t<section class=\"elementor-section elementor-top-section elementor-element elementor-element-a4cd2d2 elementor-section-boxed elementor-section-height-default elementor-section-height-default\" data-id=\"a4cd2d2\" data-element_type=\"section\" data-e-type=\"section\" data-settings=\"{&quot;background_background&quot;:&quot;classic&quot;}\">\n\t\t\t\t\t\t<div class=\"elementor-container elementor-column-gap-no\">\n\t\t\t\t\t<div class=\"elementor-column elementor-col-100 elementor-top-column elementor-element elementor-element-ea1a961\" data-id=\"ea1a961\" data-element_type=\"column\" data-e-type=\"column\">\n\t\t\t<div class=\"elementor-widget-wrap elementor-element-populated\">\n\t\t\t\t\t\t<div class=\"elementor-element elementor-element-6ebb4fe elementor-widget elementor-widget-heading\" data-id=\"6ebb4fe\" data-element_type=\"widget\" data-e-type=\"widget\" data-widget_type=\"heading.default\">\n\t\t\t\t<div class=\"elementor-widget-container\">\n\t\t\t\t\t<h2 class=\"elementor-heading-title elementor-size-default\">IL KIT DELL'ATTIVISTA<\/h2>\t\t\t\t<\/div>\n\t\t\t\t<\/div>\n\t\t\t\t<div class=\"elementor-element elementor-element-714fa48 elementor-widget elementor-widget-heading\" data-id=\"714fa48\" data-element_type=\"widget\" data-e-type=\"widget\" data-widget_type=\"heading.default\">\n\t\t\t\t<div class=\"elementor-widget-container\">\n\t\t\t\t\t<h4 class=\"elementor-heading-title elementor-size-default\">Della campagna per Introduzione del reato di omicidio sul lavoro e lesioni gravi o gravissime alle lavoratrici ed ai lavoratori<\/h4>\t\t\t\t<\/div>\n\t\t\t\t<\/div>\n\t\t\t\t<div class=\"elementor-element elementor-element-76f380b elementor-widget elementor-widget-text-editor\" data-id=\"76f380b\" data-element_type=\"widget\" data-e-type=\"widget\" data-widget_type=\"text-editor.default\">\n\t\t\t\t<div class=\"elementor-widget-container\">\n\t\t\t\t\t\t\t\t\t<p class=\"p1\">Negli ultimi 5 anni in Italia oltre 4 mila lavoratrici e lavoratori sono morti sui luoghi di lavoro, quasi 4 milioni hanno riportato ferite a causa di tagli, schiacciamenti, urti, cadute dall&#8217;alto\u2026, circa 300 mila hanno subito un danno permanente, oltre 300 mila si sono ammalati perch\u00e9 esposti ad agenti inquinanti ed a ritmi di lavoro usuranti.<\/p><p class=\"p1\">A fronte di questi numeri impressionanti le pene comminate ai responsabili della mancata osservanza delle previsioni di legge in materia di prevenzione dei rischi per la sicurezza e la salute sui luoghi di lavoro sono pochissime e spesso irrilevanti.<\/p><p class=\"p2\">Con la proposta di Legge di Iniziativa Popolare si intende prevedere nel nostro ordinamento il reato di omicidio sul Lavoro e lesioni gravi-gravissime, alla stregua della recente introduzione del reato di Omicidio stradale, realizzato attraverso l\u2019introduzione dell\u2019articolo 589 bis del codice penale, nonch\u00e9 un sistema di sanzioni e di pene che determinino un potere di deterrenza<span class=\"Apple-converted-space\">\u00a0 <\/span>efficace nei confronti<span class=\"Apple-converted-space\">\u00a0 <\/span>di quei soggetti che, con l\u2019obbiettivo di ridurre i costi ed aumentare il profitto, deliberatamente violino gli obblighi di legge e provochino con il loro comportamento infortuni mortali e lesioni gravi per lavoratrici e lavoratori.<\/p>\t\t\t\t\t\t\t\t<\/div>\n\t\t\t\t<\/div>\n\t\t\t\t<div class=\"elementor-element elementor-element-ae59476 elementor-widget elementor-widget-accordion\" data-id=\"ae59476\" data-element_type=\"widget\" data-e-type=\"widget\" data-widget_type=\"accordion.default\">\n\t\t\t\t<div class=\"elementor-widget-container\">\n\t\t\t\t\t\t\t<div class=\"elementor-accordion\">\n\t\t\t\t\t\t\t<div class=\"elementor-accordion-item\">\n\t\t\t\t\t<div id=\"elementor-tab-title-1821\" class=\"elementor-tab-title\" data-tab=\"1\" role=\"button\" aria-controls=\"elementor-tab-content-1821\" aria-expanded=\"false\">\n\t\t\t\t\t\t\t\t\t\t\t\t\t<span class=\"elementor-accordion-icon elementor-accordion-icon-right\" aria-hidden=\"true\">\n\t\t\t\t\t\t\t\t\t\t\t\t\t\t\t<span class=\"elementor-accordion-icon-closed\"><i class=\"fas fa-plus\"><\/i><\/span>\n\t\t\t\t\t\t\t\t<span class=\"elementor-accordion-icon-opened\"><i class=\"fas fa-minus\"><\/i><\/span>\n\t\t\t\t\t\t\t\t\t\t\t\t\t\t<\/span>\n\t\t\t\t\t\t\t\t\t\t\t\t<a class=\"elementor-accordion-title\" tabindex=\"0\">1.  Dove trovo il materiale informativo?<\/a>\n\t\t\t\t\t<\/div>\n\t\t\t\t\t<div id=\"elementor-tab-content-1821\" class=\"elementor-tab-content elementor-clearfix\" data-tab=\"1\" role=\"region\" aria-labelledby=\"elementor-tab-title-1821\">Tutto il materiale si trova&nbsp;&nbsp;\n<a href=\"https:\/\/leggeomicidiosullavoro.it\/?page_id=634\"><i class=\"fa fa-hand-o-right\" style=\"font-size: 25px; color: white;\"><\/i>&nbsp;&nbsp;QUI<\/a><br>\n\nQuesta pagina \u00e8 il punto di riferimento costantemente aggiornato per la campagna.<\/div>\n\t\t\t\t<\/div>\n\t\t\t\t\t\t\t<div class=\"elementor-accordion-item\">\n\t\t\t\t\t<div id=\"elementor-tab-title-1822\" class=\"elementor-tab-title\" data-tab=\"2\" role=\"button\" aria-controls=\"elementor-tab-content-1822\" aria-expanded=\"false\">\n\t\t\t\t\t\t\t\t\t\t\t\t\t<span class=\"elementor-accordion-icon elementor-accordion-icon-right\" aria-hidden=\"true\">\n\t\t\t\t\t\t\t\t\t\t\t\t\t\t\t<span class=\"elementor-accordion-icon-closed\"><i class=\"fas fa-plus\"><\/i><\/span>\n\t\t\t\t\t\t\t\t<span class=\"elementor-accordion-icon-opened\"><i class=\"fas fa-minus\"><\/i><\/span>\n\t\t\t\t\t\t\t\t\t\t\t\t\t\t<\/span>\n\t\t\t\t\t\t\t\t\t\t\t\t<a class=\"elementor-accordion-title\" tabindex=\"0\">2. Voglio mettermi in contatto con chi organizza, come faccio?<\/a>\n\t\t\t\t\t<\/div>\n\t\t\t\t\t<div id=\"elementor-tab-content-1822\" class=\"elementor-tab-content elementor-clearfix\" data-tab=\"2\" role=\"region\" aria-labelledby=\"elementor-tab-title-1822\"><p class=\"p1\">Puoi contattarci all\u2019indirizzo e-mail: <span style=\"text-decoration: underline;\"><a href=\"mailto:info@leggeomicidiosullavoro.it\"><strong>info@leggeomicidiosullavoro.it<\/strong><\/a><\/span><\/p><p class=\"p1\">oppure puoi contattare la sede dell\u2019organizzazione aderente all\u2019iniziativa pi\u00f9 vicina a te (link dove siamo)<\/p><\/div>\n\t\t\t\t<\/div>\n\t\t\t\t\t\t\t<div class=\"elementor-accordion-item\">\n\t\t\t\t\t<div id=\"elementor-tab-title-1823\" class=\"elementor-tab-title\" data-tab=\"3\" role=\"button\" aria-controls=\"elementor-tab-content-1823\" aria-expanded=\"false\">\n\t\t\t\t\t\t\t\t\t\t\t\t\t<span class=\"elementor-accordion-icon elementor-accordion-icon-right\" aria-hidden=\"true\">\n\t\t\t\t\t\t\t\t\t\t\t\t\t\t\t<span class=\"elementor-accordion-icon-closed\"><i class=\"fas fa-plus\"><\/i><\/span>\n\t\t\t\t\t\t\t\t<span class=\"elementor-accordion-icon-opened\"><i class=\"fas fa-minus\"><\/i><\/span>\n\t\t\t\t\t\t\t\t\t\t\t\t\t\t<\/span>\n\t\t\t\t\t\t\t\t\t\t\t\t<a class=\"elementor-accordion-title\" tabindex=\"0\">3. Cosa posso fare concretamente?<\/a>\n\t\t\t\t\t<\/div>\n\t\t\t\t\t<div id=\"elementor-tab-content-1823\" class=\"elementor-tab-content elementor-clearfix\" data-tab=\"3\" role=\"region\" aria-labelledby=\"elementor-tab-title-1823\"><p class=\"p1\">Abbiamo depositato una proposta di legge di iniziativa popolare. Si tratta di raccogliere 50.000 firme in tutta Italia su dei moduli appositi e secondo delle regole precise.\u00a0<\/p><p class=\"p1\">Per raggiungere l\u2019obiettivo dobbiamo organizzare il maggior numero di<b> banchetti per la raccolta firme.<\/b><\/p><p class=\"p1\">Per organizzare un banchetto servono:<\/p><ul class=\"ul1\"><li class=\"li1\">tavolino;<\/li><li class=\"li1\">moduli per la raccolta firme vidimate, moduli di contatto, penne;<\/li><li class=\"li1\"><span style=\"text-decoration: underline;\"><a href=\"https:\/\/leggeomicidiosullavoro.it\/?page_id=634\">manifesti, volantini, brochure<\/a>,<\/span> eventualmente bandiere;<\/li><li class=\"li1\">comunicazione all\u2019autorit\u00e0 di Pubblica Sicurezza;<\/li><li class=\"li1\">conoscenza delle normative comunali in materia di occupazione di suolo pubblico<\/li><\/ul><\/div>\n\t\t\t\t<\/div>\n\t\t\t\t\t\t\t<div class=\"elementor-accordion-item\">\n\t\t\t\t\t<div id=\"elementor-tab-title-1824\" class=\"elementor-tab-title\" data-tab=\"4\" role=\"button\" aria-controls=\"elementor-tab-content-1824\" aria-expanded=\"false\">\n\t\t\t\t\t\t\t\t\t\t\t\t\t<span class=\"elementor-accordion-icon elementor-accordion-icon-right\" aria-hidden=\"true\">\n\t\t\t\t\t\t\t\t\t\t\t\t\t\t\t<span class=\"elementor-accordion-icon-closed\"><i class=\"fas fa-plus\"><\/i><\/span>\n\t\t\t\t\t\t\t\t<span class=\"elementor-accordion-icon-opened\"><i class=\"fas fa-minus\"><\/i><\/span>\n\t\t\t\t\t\t\t\t\t\t\t\t\t\t<\/span>\n\t\t\t\t\t\t\t\t\t\t\t\t<a class=\"elementor-accordion-title\" tabindex=\"0\">4. Quali sono i tempi?<\/a>\n\t\t\t\t\t<\/div>\n\t\t\t\t\t<div id=\"elementor-tab-content-1824\" class=\"elementor-tab-content elementor-clearfix\" data-tab=\"4\" role=\"region\" aria-labelledby=\"elementor-tab-title-1824\"><p class=\"p1\">Le firme vanno consegnate entro 6 mesi dal momento della certificazione della prima firma raccolta.<\/p><p class=\"p1\">Poich\u00e9 le firme andranno consegnate direttamente alla Camera dei Deputati, provvederemo regolarmente a recuperare i moduli che vi abbiamo consegnato, corredati dai certificati di iscrizione alle liste elettorali delle cittadine e dei cittadini firmatari.<\/p><\/div>\n\t\t\t\t<\/div>\n\t\t\t\t\t\t\t<div class=\"elementor-accordion-item\">\n\t\t\t\t\t<div id=\"elementor-tab-title-1825\" class=\"elementor-tab-title\" data-tab=\"5\" role=\"button\" aria-controls=\"elementor-tab-content-1825\" aria-expanded=\"false\">\n\t\t\t\t\t\t\t\t\t\t\t\t\t<span class=\"elementor-accordion-icon elementor-accordion-icon-right\" aria-hidden=\"true\">\n\t\t\t\t\t\t\t\t\t\t\t\t\t\t\t<span class=\"elementor-accordion-icon-closed\"><i class=\"fas fa-plus\"><\/i><\/span>\n\t\t\t\t\t\t\t\t<span class=\"elementor-accordion-icon-opened\"><i class=\"fas fa-minus\"><\/i><\/span>\n\t\t\t\t\t\t\t\t\t\t\t\t\t\t<\/span>\n\t\t\t\t\t\t\t\t\t\t\t\t<a class=\"elementor-accordion-title\" tabindex=\"0\">5. Chi pu\u00f2 firmare?<\/a>\n\t\t\t\t\t<\/div>\n\t\t\t\t\t<div id=\"elementor-tab-content-1825\" class=\"elementor-tab-content elementor-clearfix\" data-tab=\"5\" role=\"region\" aria-labelledby=\"elementor-tab-title-1825\"><p class=\"p1\">Secondo la legge n.352\/1970 (art.48), occorre presentare 50.000 firme di cittadine e cittadini italiane\/i regolarmente iscritte\/i alle liste elettorali dei comuni di residenza. Devono essere in possesso di un documento identificativo valido.<\/p><\/div>\n\t\t\t\t<\/div>\n\t\t\t\t\t\t\t<div class=\"elementor-accordion-item\">\n\t\t\t\t\t<div id=\"elementor-tab-title-1826\" class=\"elementor-tab-title\" data-tab=\"6\" role=\"button\" aria-controls=\"elementor-tab-content-1826\" aria-expanded=\"false\">\n\t\t\t\t\t\t\t\t\t\t\t\t\t<span class=\"elementor-accordion-icon elementor-accordion-icon-right\" aria-hidden=\"true\">\n\t\t\t\t\t\t\t\t\t\t\t\t\t\t\t<span class=\"elementor-accordion-icon-closed\"><i class=\"fas fa-plus\"><\/i><\/span>\n\t\t\t\t\t\t\t\t<span class=\"elementor-accordion-icon-opened\"><i class=\"fas fa-minus\"><\/i><\/span>\n\t\t\t\t\t\t\t\t\t\t\t\t\t\t<\/span>\n\t\t\t\t\t\t\t\t\t\t\t\t<a class=\"elementor-accordion-title\" tabindex=\"0\">6. Se qualcuno volesse firmare ma non pu\u00f2 recarsi fisicamente presso i banchetti per la raccolta delle firme?<\/a>\n\t\t\t\t\t<\/div>\n\t\t\t\t\t<div id=\"elementor-tab-content-1826\" class=\"elementor-tab-content elementor-clearfix\" data-tab=\"6\" role=\"region\" aria-labelledby=\"elementor-tab-title-1826\"><p class=\"p1\">L\u2019Italia \u00e8 il primo Stato al mondo in cui \u00e8 possibile sottoscrivere online referendum nazionali e leggi di iniziativa popolare.<\/p><p class=\"p1\">Come comitato promotore abbiamo deciso di dotarci anche di questo prezioso strumento che puoi raggiungere attraverso questo (<strong>LINK<\/strong>).<\/p><p class=\"p1\">La raccolta firme online consente di firmare digitalmente la proposta di legge di iniziativa popolare tramite pochi semplici passaggi. Il cittadino che intende firmare, una volta indicato il suo indirizzo di posta elettronica, riceve un messaggio per la conferma della sua email dove \u00e8 presente un link che rimanda alla pagina di raccolta firme online dove scegliere con quale metodo firmare:<\/p><ul class=\"ul1\"><li class=\"li1\"><b>Firmo con SPID<\/b><\/li><\/ul><p class=\"p3\">L\u2019autenticazione SPID sar\u00e0 utilizzata per firmare il quesito con una firma digitale.<\/p><ul class=\"ul1\"><li class=\"li1\"><b>Firmo con il mio dispositivo<\/b><\/li><\/ul><p class=\"p3\">Si dispone gi\u00e0 di una propria firma digitale (smart card, chiavetta USB o servizio di firma digitale remota)<\/p><p class=\"p1\">Puoi aiutarci a diffondere il link per la firma digitale presso i tuoi contatti e-mail e sui social network, ricordati di accompagnare la richiesta con un tuo commento personale.<\/p><\/div>\n\t\t\t\t<\/div>\n\t\t\t\t\t\t\t<div class=\"elementor-accordion-item\">\n\t\t\t\t\t<div id=\"elementor-tab-title-1827\" class=\"elementor-tab-title\" data-tab=\"7\" role=\"button\" aria-controls=\"elementor-tab-content-1827\" aria-expanded=\"false\">\n\t\t\t\t\t\t\t\t\t\t\t\t\t<span class=\"elementor-accordion-icon elementor-accordion-icon-right\" aria-hidden=\"true\">\n\t\t\t\t\t\t\t\t\t\t\t\t\t\t\t<span class=\"elementor-accordion-icon-closed\"><i class=\"fas fa-plus\"><\/i><\/span>\n\t\t\t\t\t\t\t\t<span class=\"elementor-accordion-icon-opened\"><i class=\"fas fa-minus\"><\/i><\/span>\n\t\t\t\t\t\t\t\t\t\t\t\t\t\t<\/span>\n\t\t\t\t\t\t\t\t\t\t\t\t<a class=\"elementor-accordion-title\" tabindex=\"0\">7. Cos\u2019altro posso fare oltre l\u2019organizzazione della raccolta firme?<\/a>\n\t\t\t\t\t<\/div>\n\t\t\t\t\t<div id=\"elementor-tab-content-1827\" class=\"elementor-tab-content elementor-clearfix\" data-tab=\"7\" role=\"region\" aria-labelledby=\"elementor-tab-title-1827\"><p class=\"p1\">Occorre ricordare che l\u2019obiettivo principale non \u00e8 solo la firma,<b>\u00a0ma la presa di contatto con le persone, i lavoratori e le lavoratrici, al fine di coinvolgere altre\/i nella nostra battaglia<\/b>.<\/p><p class=\"p1\">Per questo \u00e8 possibile organizzare anche altre tipologie di azioni come <b>Volantinaggio, Flash mob \/ Speakeraggio, Assemblee e convegni, Iniziative presso i luoghi di lavoro. <\/b><\/p><p class=\"p1\">Per l\u2019organizzazione di queste iniziative rivolgiti sempre al comitato promotore all\u2019indirizzo: <span style=\"text-decoration: underline;\"><a href=\"mailto:info@leggeomicidiosullavoro.it\"><strong>info@leggeomicidiosullavoro.it<\/strong><\/a><\/span><\/p><\/div>\n\t\t\t\t<\/div>\n\t\t\t\t\t\t\t<div class=\"elementor-accordion-item\">\n\t\t\t\t\t<div id=\"elementor-tab-title-1828\" class=\"elementor-tab-title\" data-tab=\"8\" role=\"button\" aria-controls=\"elementor-tab-content-1828\" aria-expanded=\"false\">\n\t\t\t\t\t\t\t\t\t\t\t\t\t<span class=\"elementor-accordion-icon elementor-accordion-icon-right\" aria-hidden=\"true\">\n\t\t\t\t\t\t\t\t\t\t\t\t\t\t\t<span class=\"elementor-accordion-icon-closed\"><i class=\"fas fa-plus\"><\/i><\/span>\n\t\t\t\t\t\t\t\t<span class=\"elementor-accordion-icon-opened\"><i class=\"fas fa-minus\"><\/i><\/span>\n\t\t\t\t\t\t\t\t\t\t\t\t\t\t<\/span>\n\t\t\t\t\t\t\t\t\t\t\t\t<a class=\"elementor-accordion-title\" tabindex=\"0\">8. Come si finanzia la campagna?<\/a>\n\t\t\t\t\t<\/div>\n\t\t\t\t\t<div id=\"elementor-tab-content-1828\" class=\"elementor-tab-content elementor-clearfix\" data-tab=\"8\" role=\"region\" aria-labelledby=\"elementor-tab-title-1828\"><p class=\"p1\">La proposta di legge \u00e8 stata presentata da un comitato promotore che si \u00e8 fatto carico delle prime spese necessarie.<\/p><p class=\"p1\"><strong>La campagna per la raccolta firme durer\u00e0 sei mesi<\/strong> ma quella politica per la difesa dei lavoratori e delle lavoratrici andr\u00e0 oltre questo tempo.<\/p><p class=\"p1\">Per questa ragione abbiamo attivato una <strong>raccolta fondi<\/strong> attraverso una piattaforma di crowdfunding per poter sostenere tutti i costi.<\/p><p class=\"p1\">Aiutaci a promuovere questa forma di autofinanziamento, che \u00e8 anche garanzia di indipendenza, condividendo il <span style=\"text-decoration: underline;\"><a href=\"https:\/\/buonacausa.org\/cause\/leggeomicidiosullavoro\" rel=\"nofollow noopener\" target=\"_blank\"><strong>https:\/\/buonacausa.org\/cause\/leggeomicidiosullavoro<\/strong><\/a><\/span> con i tuoi contatti e donando secondo le tue possibilit\u00e0.<\/p><\/div>\n\t\t\t\t<\/div>\n\t\t\t\t\t\t\t\t<\/div>\n\t\t\t\t\t\t<\/div>\n\t\t\t\t<\/div>\n\t\t\t\t\t<\/div>\n\t\t<\/div>\n\t\t\t\t\t<\/div>\n\t\t<\/section>\n\t\t\t\t<\/div>\n\t\t","protected":false},"excerpt":{"rendered":"<p>Proposta di Legge per l&#8217;istituzione del reato di OMICIDIO E LESIONI GRAVI O GRAVISSIME SUL LAVORO: FERMIAMO LA STRAGE, FIRMA ORA! QUI PUOI FIRMARE ONLINE CON SPID E FIRMA DIGITALE CERTIFICATA &nbsp; BANCHETTI E INIZIATIVE SONO CONSULTABILI A&nbsp;QUESTO LINK (Verrai indirizzato ad un sito esterno appositamente attivato per questa iniziativa) OMICIDIO SUL LAVORO PERCH\u00c9 C&#8217;\u00c8 &hellip;<\/p>\n<p class=\"read-more\"> <a class=\"\" href=\"https:\/\/omicidiosullavoro.it\/\"> <span class=\"screen-reader-text\">Homepage<\/span> Leggi altro &raquo;<\/a><\/p>\n","protected":false},"author":1,"featured_media":0,"parent":0,"menu_order":0,"comment_status":"closed","ping_status":"closed","template":"","meta":{"site-sidebar-layout":"no-sidebar","site-content-layout":"page-builder","ast-site-content-layout":"","site-content-style":"default","site-sidebar-style":"default","ast-global-header-display":"","ast-banner-title-visibility":"","ast-main-header-display":"","ast-hfb-above-header-display":"","ast-hfb-below-header-display":"","ast-hfb-mobile-header-display":"","site-post-title":"disabled","ast-breadcrumbs-content":"disabled","ast-featured-img":"disabled","footer-sml-layout":"","theme-transparent-header-meta":"enabled","adv-header-id-meta":"","stick-header-meta":"","header-above-stick-meta":"","header-main-stick-meta":"","header-below-stick-meta":"","astra-migrate-meta-layouts":"","footnotes":""},"class_list":["post-502","page","type-page","status-publish","hentry"],"_links":{"self":[{"href":"https:\/\/omicidiosullavoro.it\/index.php?rest_route=\/wp\/v2\/pages\/502","targetHints":{"allow":["GET"]}}],"collection":[{"href":"https:\/\/omicidiosullavoro.it\/index.php?rest_route=\/wp\/v2\/pages"}],"about":[{"href":"https:\/\/omicidiosullavoro.it\/index.php?rest_route=\/wp\/v2\/types\/page"}],"author":[{"embeddable":true,"href":"https:\/\/omicidiosullavoro.it\/index.php?rest_route=\/wp\/v2\/users\/1"}],"replies":[{"embeddable":true,"href":"https:\/\/omicidiosullavoro.it\/index.php?rest_route=%2Fwp%2Fv2%2Fcomments&post=502"}],"version-history":[{"count":255,"href":"https:\/\/omicidiosullavoro.it\/index.php?rest_route=\/wp\/v2\/pages\/502\/revisions"}],"predecessor-version":[{"id":1196,"href":"https:\/\/omicidiosullavoro.it\/index.php?rest_route=\/wp\/v2\/pages\/502\/revisions\/1196"}],"wp:attachment":[{"href":"https:\/\/omicidiosullavoro.it\/index.php?rest_route=%2Fwp%2Fv2%2Fmedia&parent=502"}],"curies":[{"name":"wp","href":"https:\/\/api.w.org\/{rel}","templated":true}]}}